{"id":2188,"date":"2025-10-14T11:58:43","date_gmt":"2025-10-14T09:58:43","guid":{"rendered":"https:\/\/www.camping-bretagne-delapiscine.com\/faq-camping-de-la-piscine\/"},"modified":"2026-02-12T12:00:31","modified_gmt":"2026-02-12T11:00:31","slug":"faq-campsite-de-la-piscine","status":"publish","type":"page","link":"https:\/\/www.camping-bretagne-delapiscine.com\/en\/faq-campsite-de-la-piscine\/","title":{"rendered":"FAQ"},"content":{"rendered":"\n<div class=\"wp-block-group section-title has-global-padding is-layout-constrained wp-container-core-group-is-layout-0599a116 wp-block-group-is-layout-constrained\" style=\"padding-top:4rem;padding-right:4rem;padding-bottom:2rem;padding-left:4rem\">\n<h1 class=\"wp-block-heading has-text-align-center has-custom-color-1-color has-text-color has-link-color has-melbourne-thin-font-family wp-elements-9d025fe9f05fb7c26ceaf8f287ea742c\" style=\"margin-bottom:3rem;font-size:clamp(2.835rem, 2.835rem + ((1vw - 0.2rem) * 4.442), 5.5rem);letter-spacing:-3px;line-height:0.9\"><strong>Frequently asked questions<\/strong><\/h1>\n\n\n\n<p class=\"has-text-align-center\">To help you make the most of your stay with us, we&#8217;ve listed the most frequently asked questions below.<\/p>\n<\/div>\n\n<div class=\"wp-block-group section-faq has-global-padding is-layout-constrained wp-container-core-group-is-layout-0a0e29a9 wp-block-group-is-layout-constrained\" style=\"margin-top:4rem;padding-right:0px;padding-bottom:0rem;padding-left:0px\">\n<div class=\"wp-block-columns are-vertically-aligned-center is-layout-flex wp-container-core-columns-is-layout-a79dbd38 wp-block-columns-is-layout-flex\" style=\"margin-top:3rem;margin-bottom:0px;padding-right:0rem;padding-left:0rem\">\n<div class=\"wp-block-column is-vertically-aligned-center left is-layout-flow wp-block-column-is-layout-flow\" style=\"border-top-left-radius:25px;border-top-right-radius:25px;padding-left:0rem;flex-basis:100%\">\n<div class=\"wp-block-group has-global-padding is-layout-constrained wp-block-group-is-layout-constrained\" style=\"border-radius:50px;padding-top:0;padding-bottom:0\">\n<figure class=\"wp-block-image size-large is-resized icon-faq\"><img decoding=\"async\" width=\"77\" height=\"90\" src=\"https:\/\/www.camping-bretagne-delapiscine.com\/wp-content\/uploads\/2025\/10\/forme-logo-jaune.svg\" alt=\"yellow logo shape\" class=\"wp-image-164\" style=\"width:77px;height:auto\"\/><\/figure>\n\n\n\n<h2 class=\"wp-block-heading has-text-align-center has-custom-color-1-color has-text-color has-link-color has-x-large-font-size wp-elements-f4940368d0e3b9ff44625de98e9f61c5\">General questions<\/h2>\n\n\n<details style=\"--faq-color:#16b1b0;\" class=\"gt-fse-faq wp-block-gt-gt-fse-faq\" data-wp-interactive=\"gt-fse-faq\" data-wp-context='{\"isOpen\": false}'>\n\t<summary aria-expanded=\"false\" class=\"gt-fse-faq-summary\" data-wp-on--click=\"actions.toggle\" data-wp-bind--aria-expanded=\"context.isOpen\">\n\t\t<div class=\"gt-fse-faq-summary-text\"><strong>01<\/strong>When will the campsite be open in 2026?<\/div>\t\t<span class=\"gt-fse-faq-opener\"><\/span>\n\t<\/summary>\n\t<div class=\"gt-fse-faq-content\">\n\t\t\n\n<p>The campsite will be open from May 1 to August 31, 2026.<\/p>\n\n\t<\/div>\n<\/details>\n\n\n\n<details style=\"--faq-color:#16b1b0;\" class=\"gt-fse-faq wp-block-gt-gt-fse-faq\" data-wp-interactive=\"gt-fse-faq\" data-wp-context='{\"isOpen\": false}'>\n\t<summary aria-expanded=\"false\" class=\"gt-fse-faq-summary\" data-wp-on--click=\"actions.toggle\" data-wp-bind--aria-expanded=\"context.isOpen\">\n\t\t<div class=\"gt-fse-faq-summary-text\"><strong>02<\/strong>Is the campsite VACAF approved?<\/div>\t\t<span class=\"gt-fse-faq-opener\"><\/span>\n\t<\/summary>\n\t<div class=\"gt-fse-faq-content\">\n\t\t\n\n<p>No: We are not VACAF approved.<\/p>\n\n\t<\/div>\n<\/details>\n\n\n\n<details style=\"--faq-color:#16b1b0;\" class=\"gt-fse-faq wp-block-gt-gt-fse-faq\" data-wp-interactive=\"gt-fse-faq\" data-wp-context='{\"isOpen\": false}'>\n\t<summary aria-expanded=\"false\" class=\"gt-fse-faq-summary\" data-wp-on--click=\"actions.toggle\" data-wp-bind--aria-expanded=\"context.isOpen\">\n\t\t<div class=\"gt-fse-faq-summary-text\"><strong>03<\/strong>How to book a rental?<\/div>\t\t<span class=\"gt-fse-faq-opener\"><\/span>\n\t<\/summary>\n\t<div class=\"gt-fse-faq-content\">\n\t\t\n\n<p>You can book directly online.<\/p>\n\n\n\n<p>You will be asked to pay 30% of the rental price as a deposit + \u20ac25 booking fee, or the full amount for short stays and 30 days before arrival.<\/p>\n\n\t<\/div>\n<\/details>\n\n\n\n<details style=\"--faq-color:#16b1b0;\" class=\"gt-fse-faq wp-block-gt-gt-fse-faq\" data-wp-interactive=\"gt-fse-faq\" data-wp-context='{\"isOpen\": false}'>\n\t<summary aria-expanded=\"false\" class=\"gt-fse-faq-summary\" data-wp-on--click=\"actions.toggle\" data-wp-bind--aria-expanded=\"context.isOpen\">\n\t\t<div class=\"gt-fse-faq-summary-text\"><strong>04<\/strong>What payment methods are accepted?<\/div>\t\t<span class=\"gt-fse-faq-opener\"><\/span>\n\t<\/summary>\n\t<div class=\"gt-fse-faq-content\">\n\t\t\n\n<p>We accept payment by credit card (secure payment), by cheque more than 20 days before arrival only, vacation vouchers, cash, bank transfer and bancontact.<\/p>\n\n\t<\/div>\n<\/details>\n\n\n\n<details style=\"--faq-color:#16b1b0;\" class=\"gt-fse-faq wp-block-gt-gt-fse-faq\" data-wp-interactive=\"gt-fse-faq\" data-wp-context='{\"isOpen\": false}'>\n\t<summary aria-expanded=\"false\" class=\"gt-fse-faq-summary\" data-wp-on--click=\"actions.toggle\" data-wp-bind--aria-expanded=\"context.isOpen\">\n\t\t<div class=\"gt-fse-faq-summary-text\"><strong>05<\/strong>What is cancellation insurance?<\/div>\t\t<span class=\"gt-fse-faq-opener\"><\/span>\n\t<\/summary>\n\t<div class=\"gt-fse-faq-content\">\n\t\t\n\n<p>Cancellation insurance is an optional package payable in full only when you book your vacation. It corresponds to 3.5% of the stay. This guarantee ensures the reimbursement of sums paid (by providing proof) and applies in the cases listed in the General Sales Conditions.  <\/p>\n\n\n\n<p>For more information, please visit the website of our partner Campez-Couvert: www.campez-couvert.com<\/p>\n\n\t<\/div>\n<\/details>\n\n\n\n<details style=\"--faq-color:#16b1b0;\" class=\"gt-fse-faq wp-block-gt-gt-fse-faq\" data-wp-interactive=\"gt-fse-faq\" data-wp-context='{\"isOpen\": false}'>\n\t<summary aria-expanded=\"false\" class=\"gt-fse-faq-summary\" data-wp-on--click=\"actions.toggle\" data-wp-bind--aria-expanded=\"context.isOpen\">\n\t\t<div class=\"gt-fse-faq-summary-text\"><strong>06<\/strong>How do I pay the balance?<\/div>\t\t<span class=\"gt-fse-faq-opener\"><\/span>\n\t<\/summary>\n\t<div class=\"gt-fse-faq-content\">\n\t\t\n\n<p>The remaining balance must be paid 30 days before your arrival. If you wish to spread the cost of your stay over several periods, this is possible, as long as the total amount of your stay is actually paid before this deadline. <\/p>\n\n\t<\/div>\n<\/details>\n\n\n\n<details style=\"--faq-color:#16b1b0;\" class=\"gt-fse-faq wp-block-gt-gt-fse-faq\" data-wp-interactive=\"gt-fse-faq\" data-wp-context='{\"isOpen\": false}'>\n\t<summary aria-expanded=\"false\" class=\"gt-fse-faq-summary\" data-wp-on--click=\"actions.toggle\" data-wp-bind--aria-expanded=\"context.isOpen\">\n\t\t<div class=\"gt-fse-faq-summary-text\"><strong>07<\/strong>What are the conditions for cancelling a rental?<\/div>\t\t<span class=\"gt-fse-faq-opener\"><\/span>\n\t<\/summary>\n\t<div class=\"gt-fse-faq-content\">\n\t\t\n\n<ul class=\"wp-block-list\">\n<li>More than 45 days before arrival: the deposit is refunded.<\/li>\n\n\n\n<li>Between 44 and 30 days before your stay: \u20ac125 will be charged.<\/li>\n\n\n\n<li>Less than 30 days: the entire stay is billed and not refunded.<\/li>\n<\/ul>\n\n\n\n<p>Application fees and cancellation insurance are not refundable under any circumstances.<\/p>\n\n\t<\/div>\n<\/details>\n\n\n\n<details style=\"--faq-color:#16b1b0;\" class=\"gt-fse-faq wp-block-gt-gt-fse-faq\" data-wp-interactive=\"gt-fse-faq\" data-wp-context='{\"isOpen\": false}'>\n\t<summary aria-expanded=\"false\" class=\"gt-fse-faq-summary\" data-wp-on--click=\"actions.toggle\" data-wp-bind--aria-expanded=\"context.isOpen\">\n\t\t<div class=\"gt-fse-faq-summary-text\"><strong>08<\/strong>I&#8217;ve rented a property. What should I bring?<\/div>\t\t<span class=\"gt-fse-faq-opener\"><\/span>\n\t<\/summary>\n\t<div class=\"gt-fse-faq-content\">\n\t\t\n\n<p>Comforters and pillows are provided with the rental. Please bring your own sheets, comforter covers, pillowcases and household linen. Please check the size of double beds. <\/p>\n\n\t<\/div>\n<\/details>\n\n\n\n<details style=\"--faq-color:#16b1b0;\" class=\"gt-fse-faq wp-block-gt-gt-fse-faq\" data-wp-interactive=\"gt-fse-faq\" data-wp-context='{\"isOpen\": false}'>\n\t<summary aria-expanded=\"false\" class=\"gt-fse-faq-summary\" data-wp-on--click=\"actions.toggle\" data-wp-bind--aria-expanded=\"context.isOpen\">\n\t\t<div class=\"gt-fse-faq-summary-text\"><strong>09<\/strong>Can we rent sheets?<\/div>\t\t<span class=\"gt-fse-faq-opener\"><\/span>\n\t<\/summary>\n\t<div class=\"gt-fse-faq-content\">\n\t\t\n\n<p>Yes, bed linen rental is \u20ac18\/bed\/stay.<\/p>\n\n\t<\/div>\n<\/details>\n\n\n\n<details style=\"--faq-color:#16b1b0;\" class=\"gt-fse-faq wp-block-gt-gt-fse-faq\" data-wp-interactive=\"gt-fse-faq\" data-wp-context='{\"isOpen\": false}'>\n\t<summary aria-expanded=\"false\" class=\"gt-fse-faq-summary\" data-wp-on--click=\"actions.toggle\" data-wp-bind--aria-expanded=\"context.isOpen\">\n\t\t<div class=\"gt-fse-faq-summary-text\"><strong>10<\/strong> What are our rentals equipped with?<\/div>\t\t<span class=\"gt-fse-faq-opener\"><\/span>\n\t<\/summary>\n\t<div class=\"gt-fse-faq-content\">\n\t\t\n\n<p>Here is a simplified inventory of rentals:<\/p>\n\n\n\n<p>Garden furniture, deckchair, parasol, pillows, comforters, glasses, mugs, bowls, water jug, coffee maker, microwave grill, lemon squeezer, basket, plates, salad bowls, serving dish, oven dish, pots, pans, vegetable drainer, salad spinner, cutting board, ashtray, cutlery, tea strainer, corkscrew, ladle, skimmer, whisk, shellfish cracker, curettes, bread knife, meat knife, peeler, wooden spatula, dish drainer, bowl, bucket, mop, dustbin, dustpan + brush, broom, clothes hangers, clothes dryer.<\/p>\n\n\t<\/div>\n<\/details>\n\n\n\n<details style=\"--faq-color:#16b1b0;\" class=\"gt-fse-faq wp-block-gt-gt-fse-faq\" data-wp-interactive=\"gt-fse-faq\" data-wp-context='{\"isOpen\": false}'>\n\t<summary aria-expanded=\"false\" class=\"gt-fse-faq-summary\" data-wp-on--click=\"actions.toggle\" data-wp-bind--aria-expanded=\"context.isOpen\">\n\t\t<div class=\"gt-fse-faq-summary-text\"><strong>11<\/strong>Can I rent baby cots\/high chairs?<\/div>\t\t<span class=\"gt-fse-faq-opener\"><\/span>\n\t<\/summary>\n\t<div class=\"gt-fse-faq-content\">\n\t\t\n\n<p>Rental is \u20ac16\/bed or highchair otherwise. Subject to availability. It is advisable to order them when booking.  <\/p>\n\n\t<\/div>\n<\/details>\n\n\n\n<details style=\"--faq-color:#16b1b0;\" class=\"gt-fse-faq wp-block-gt-gt-fse-faq\" data-wp-interactive=\"gt-fse-faq\" data-wp-context='{\"isOpen\": false}'>\n\t<summary aria-expanded=\"false\" class=\"gt-fse-faq-summary\" data-wp-on--click=\"actions.toggle\" data-wp-bind--aria-expanded=\"context.isOpen\">\n\t\t<div class=\"gt-fse-faq-summary-text\"><strong>12<\/strong>Is it possible to take a household package?<\/div>\t\t<span class=\"gt-fse-faq-opener\"><\/span>\n\t<\/summary>\n\t<div class=\"gt-fse-faq-content\">\n\t\t\n\n<p>The cleaning fee is \u20ac80 for 2-bedroom mobile homes and \u20ac100 for 3-bedroom and Taos mobile homes. It must be taken at the time of booking. <\/p>\n\n\t<\/div>\n<\/details>\n\n\n\n<details style=\"--faq-color:#16b1b0;\" class=\"gt-fse-faq wp-block-gt-gt-fse-faq\" data-wp-interactive=\"gt-fse-faq\" data-wp-context='{\"isOpen\": false}'>\n\t<summary aria-expanded=\"false\" class=\"gt-fse-faq-summary\" data-wp-on--click=\"actions.toggle\" data-wp-bind--aria-expanded=\"context.isOpen\">\n\t\t<div class=\"gt-fse-faq-summary-text\"><strong>13<\/strong>Is there room to park my car on the site?<\/div>\t\t<span class=\"gt-fse-faq-opener\"><\/span>\n\t<\/summary>\n\t<div class=\"gt-fse-faq-content\">\n\t\t\n\n<p>All accommodations and pitches have space for one vehicle directly on site or in the immediate vicinity.<br\/>If you are bringing a second vehicle, you are welcome to park it in the parking lot at the entrance to the establishment, subject to availability and payment of a supplement.<\/p>\n\n\t<\/div>\n<\/details>\n\n\n\n<details style=\"--faq-color:#16b1b0;\" class=\"gt-fse-faq wp-block-gt-gt-fse-faq\" data-wp-interactive=\"gt-fse-faq\" data-wp-context='{\"isOpen\": false}'>\n\t<summary aria-expanded=\"false\" class=\"gt-fse-faq-summary\" data-wp-on--click=\"actions.toggle\" data-wp-bind--aria-expanded=\"context.isOpen\">\n\t\t<div class=\"gt-fse-faq-summary-text\"><strong>14<\/strong>Are there televisions in the rentals?<\/div>\t\t<span class=\"gt-fse-faq-opener\"><\/span>\n\t<\/summary>\n\t<div class=\"gt-fse-faq-content\">\n\t\t\n\n<p>Television is included in all our rentals.<\/p>\n\n\t<\/div>\n<\/details>\n\n\n\n<details style=\"--faq-color:#16b1b0;\" class=\"gt-fse-faq wp-block-gt-gt-fse-faq\" data-wp-interactive=\"gt-fse-faq\" data-wp-context='{\"isOpen\": false}'>\n\t<summary aria-expanded=\"false\" class=\"gt-fse-faq-summary\" data-wp-on--click=\"actions.toggle\" data-wp-bind--aria-expanded=\"context.isOpen\">\n\t\t<div class=\"gt-fse-faq-summary-text\"><strong>15<\/strong>How do I reserve a camping pitch?<\/div>\t\t<span class=\"gt-fse-faq-opener\"><\/span>\n\t<\/summary>\n\t<div class=\"gt-fse-faq-content\">\n\t\t\n\n<p>You can book directly online, or print out the application form and send it to us by post.<\/p>\n\n\n\n<p>We ask for a deposit of 125\u20ac + 25\u20ac booking fee.<\/p>\n\n\n\n<p>The balance must be paid 30 days before your arrival (by credit card, bank transfer, cash or vacation vouchers only).<\/p>\n\n\t<\/div>\n<\/details>\n\n\n\n<details style=\"--faq-color:#16b1b0;\" class=\"gt-fse-faq wp-block-gt-gt-fse-faq\" data-wp-interactive=\"gt-fse-faq\" data-wp-context='{\"isOpen\": false}'>\n\t<summary aria-expanded=\"false\" class=\"gt-fse-faq-summary\" data-wp-on--click=\"actions.toggle\" data-wp-bind--aria-expanded=\"context.isOpen\">\n\t\t<div class=\"gt-fse-faq-summary-text\"><strong>16<\/strong>What are the conditions for cancelling a pitch?<\/div>\t\t<span class=\"gt-fse-faq-opener\"><\/span>\n\t<\/summary>\n\t<div class=\"gt-fse-faq-content\">\n\t\t\n\n<ul class=\"wp-block-list\">\n<li>More than 45 days before arrival; the deposit is refunded.<\/li>\n\n\n\n<li>Between 44 and 30 days before your stay: \u20ac125 will be deducted from your bill.<\/li>\n\n\n\n<li>Less than 30 days: the entire stay is billed and non-refundable.<\/li>\n<\/ul>\n\n\t<\/div>\n<\/details>\n\n\n\n\n<h2 class=\"wp-block-heading has-text-align-center has-custom-color-1-color has-text-color has-link-color has-x-large-font-size wp-elements-0c480ca8862a6a2dab8b5b3104919e06\" style=\"margin-top:var(--wp--preset--spacing--40)\">About your stay :<\/h2>\n\n\n<details style=\"--faq-color:#16b1b0;\" class=\"gt-fse-faq wp-block-gt-gt-fse-faq\" data-wp-interactive=\"gt-fse-faq\" data-wp-context='{\"isOpen\": false}'>\n\t<summary aria-expanded=\"false\" class=\"gt-fse-faq-summary\" data-wp-on--click=\"actions.toggle\" data-wp-bind--aria-expanded=\"context.isOpen\">\n\t\t<div class=\"gt-fse-faq-summary-text\"><strong>01<\/strong>What are the opening dates and times of the aquatic centre?<\/div>\t\t<span class=\"gt-fse-faq-opener\"><\/span>\n\t<\/summary>\n\t<div class=\"gt-fse-faq-content\">\n\t\t\n\n<p>The indoor pool is open from 01\/05 to 31\/08\/2026.<br\/>The outdoor pool area is open from 14\/05 to 31\/08\/26.<\/p>\n\n\t<\/div>\n<\/details>\n\n\n\n<details style=\"--faq-color:#16b1b0;\" class=\"gt-fse-faq wp-block-gt-gt-fse-faq\" data-wp-interactive=\"gt-fse-faq\" data-wp-context='{\"isOpen\": false}'>\n\t<summary aria-expanded=\"false\" class=\"gt-fse-faq-summary\" data-wp-on--click=\"actions.toggle\" data-wp-bind--aria-expanded=\"context.isOpen\">\n\t\t<div class=\"gt-fse-faq-summary-text\"><strong>02<\/strong>What are the reception opening hours?<\/div>\t\t<span class=\"gt-fse-faq-opener\"><\/span>\n\t<\/summary>\n\t<div class=\"gt-fse-faq-content\">\n\t\t\n\n<p>9am to 12:15pm and 2pm to 6:30pm in May-June and 9am to 7pm in July-August.<\/p>\n\n\t<\/div>\n<\/details>\n\n\n\n<details style=\"--faq-color:#16b1b0;\" class=\"gt-fse-faq wp-block-gt-gt-fse-faq\" data-wp-interactive=\"gt-fse-faq\" data-wp-context='{\"isOpen\": false}'>\n\t<summary aria-expanded=\"false\" class=\"gt-fse-faq-summary\" data-wp-on--click=\"actions.toggle\" data-wp-bind--aria-expanded=\"context.isOpen\">\n\t\t<div class=\"gt-fse-faq-summary-text\"><strong>03<\/strong>What are the possible arrival and departure times?<\/div>\t\t<span class=\"gt-fse-faq-opener\"><\/span>\n\t<\/summary>\n\t<div class=\"gt-fse-faq-content\">\n\t\t\n\n<p>Rental: arrival from 4pm, departure before 10am.<\/p>\n\n\n\n<p>Pitches: arrival from 2pm, departure before 12am.<\/p>\n\n\t<\/div>\n<\/details>\n\n\n\n<details style=\"--faq-color:#16b1b0;\" class=\"gt-fse-faq wp-block-gt-gt-fse-faq\" data-wp-interactive=\"gt-fse-faq\" data-wp-context='{\"isOpen\": false}'>\n\t<summary aria-expanded=\"false\" class=\"gt-fse-faq-summary\" data-wp-on--click=\"actions.toggle\" data-wp-bind--aria-expanded=\"context.isOpen\">\n\t\t<div class=\"gt-fse-faq-summary-text\"><strong>04<\/strong>What is the tourist tax?<\/div>\t\t<span class=\"gt-fse-faq-opener\"><\/span>\n\t<\/summary>\n\t<div class=\"gt-fse-faq-content\">\n\t\t\n\n<p>This is a tax levied by local authorities (commune, d\u00e9partement), which we collect on their behalf. This tax is based on the number of participants and the number of nights. It is added to the price of your stay.  <\/p>\n\n\t<\/div>\n<\/details>\n\n\n\n<details style=\"--faq-color:#16b1b0;\" class=\"gt-fse-faq wp-block-gt-gt-fse-faq\" data-wp-interactive=\"gt-fse-faq\" data-wp-context='{\"isOpen\": false}'>\n\t<summary aria-expanded=\"false\" class=\"gt-fse-faq-summary\" data-wp-on--click=\"actions.toggle\" data-wp-bind--aria-expanded=\"context.isOpen\">\n\t\t<div class=\"gt-fse-faq-summary-text\"><strong>05<\/strong>Can we leave outside reception opening hours?<\/div>\t\t<span class=\"gt-fse-faq-opener\"><\/span>\n\t<\/summary>\n\t<div class=\"gt-fse-faq-content\">\n\t\t\n\n<p>Yes, in this case you&#8217;ll need to leave your rental keys in our letterbox on your departure.<\/p>\n\n\t<\/div>\n<\/details>\n\n\n\n<details style=\"--faq-color:#16b1b0;\" class=\"gt-fse-faq wp-block-gt-gt-fse-faq\" data-wp-interactive=\"gt-fse-faq\" data-wp-context='{\"isOpen\": false}'>\n\t<summary aria-expanded=\"false\" class=\"gt-fse-faq-summary\" data-wp-on--click=\"actions.toggle\" data-wp-bind--aria-expanded=\"context.isOpen\">\n\t\t<div class=\"gt-fse-faq-summary-text\"><strong>06<\/strong>Are minors accepted?<\/div>\t\t<span class=\"gt-fse-faq-opener\"><\/span>\n\t<\/summary>\n\t<div class=\"gt-fse-faq-content\">\n\t\t\n\n<p>Minors must be accompanied by their parents or legal guardians.<\/p>\n\n\t<\/div>\n<\/details>\n\n\n\n<details style=\"--faq-color:#16b1b0;\" class=\"gt-fse-faq wp-block-gt-gt-fse-faq\" data-wp-interactive=\"gt-fse-faq\" data-wp-context='{\"isOpen\": false}'>\n\t<summary aria-expanded=\"false\" class=\"gt-fse-faq-summary\" data-wp-on--click=\"actions.toggle\" data-wp-bind--aria-expanded=\"context.isOpen\">\n\t\t<div class=\"gt-fse-faq-summary-text\"><strong>07<\/strong>Are the pools heated?<\/div>\t\t<span class=\"gt-fse-faq-opener\"><\/span>\n\t<\/summary>\n\t<div class=\"gt-fse-faq-content\">\n\t\t\n\n<p>Yes, both our aquatic areas are heated.<\/p>\n\n\t<\/div>\n<\/details>\n\n\n\n<details style=\"--faq-color:#16b1b0;\" class=\"gt-fse-faq wp-block-gt-gt-fse-faq\" data-wp-interactive=\"gt-fse-faq\" data-wp-context='{\"isOpen\": false}'>\n\t<summary aria-expanded=\"false\" class=\"gt-fse-faq-summary\" data-wp-on--click=\"actions.toggle\" data-wp-bind--aria-expanded=\"context.isOpen\">\n\t\t<div class=\"gt-fse-faq-summary-text\"><strong>08<\/strong>What are the conditions for access to swimming pools?<\/div>\t\t<span class=\"gt-fse-faq-opener\"><\/span>\n\t<\/summary>\n\t<div class=\"gt-fse-faq-content\">\n\t\t\n\n<p>Wearing a wristband is compulsory.<\/p>\n\n\n\n<p>For reasons of hygiene, swimming shorts may not be worn.<\/p>\n\n\n\n<p>Children under 10 years of age must be accompanied by an adult to access the pools.<\/p>\n\n\n\n<p>Visitors are not allowed in the swimming pools.<\/p>\n\n\t<\/div>\n<\/details>\n\n\n\n<details style=\"--faq-color:#16b1b0;\" class=\"gt-fse-faq wp-block-gt-gt-fse-faq\" data-wp-interactive=\"gt-fse-faq\" data-wp-context='{\"isOpen\": false}'>\n\t<summary aria-expanded=\"false\" class=\"gt-fse-faq-summary\" data-wp-on--click=\"actions.toggle\" data-wp-bind--aria-expanded=\"context.isOpen\">\n\t\t<div class=\"gt-fse-faq-summary-text\"><strong>09<\/strong>Is it possible to rent bicycles?<\/div>\t\t<span class=\"gt-fse-faq-opener\"><\/span>\n\t<\/summary>\n\t<div class=\"gt-fse-faq-content\">\n\t\t\n\n<p>You can rent bikes for half a day (\u20ac9) or a day (\u20ac12).<\/p>\n\n\t<\/div>\n<\/details>\n\n\n\n<details style=\"--faq-color:#16b1b0;\" class=\"gt-fse-faq wp-block-gt-gt-fse-faq\" data-wp-interactive=\"gt-fse-faq\" data-wp-context='{\"isOpen\": false}'>\n\t<summary aria-expanded=\"false\" class=\"gt-fse-faq-summary\" data-wp-on--click=\"actions.toggle\" data-wp-bind--aria-expanded=\"context.isOpen\">\n\t\t<div class=\"gt-fse-faq-summary-text\"><strong>10<\/strong> Are there activities\/entertainment at the campsite?<\/div>\t\t<span class=\"gt-fse-faq-opener\"><\/span>\n\t<\/summary>\n\t<div class=\"gt-fse-faq-content\">\n\t\t\n\n<p>The campsite is equipped with a children&#8217;s playground, an inflatable structure, a games room (ping-pong tables, table soccer, TV room), sports and leisure facilities, multi-sports fields (city-stadium, mini-tennis, basketball, volleyball, p\u00e9tanque), a soccer pitch and a small lake (introduction to fishing authorized).In July and August, the campsite also offers 3\/4 evening entertainment every week and sports activities throughout the day (sports tournaments, etc.).<\/p>\n\n\t<\/div>\n<\/details>\n\n\n\n<details style=\"--faq-color:#16b1b0;\" class=\"gt-fse-faq wp-block-gt-gt-fse-faq\" data-wp-interactive=\"gt-fse-faq\" data-wp-context='{\"isOpen\": false}'>\n\t<summary aria-expanded=\"false\" class=\"gt-fse-faq-summary\" data-wp-on--click=\"actions.toggle\" data-wp-bind--aria-expanded=\"context.isOpen\">\n\t\t<div class=\"gt-fse-faq-summary-text\"><strong>11<\/strong>Is there a kids&#8217; club?<\/div>\t\t<span class=\"gt-fse-faq-opener\"><\/span>\n\t<\/summary>\n\t<div class=\"gt-fse-faq-content\">\n\t\t\n\n<p>Club Maya welcomes children aged 5 to 10 for 5 mornings a week from 10:30 a.m. to 12:30 p.m., Monday to Friday during the summer school vacations.<\/p>\n\n\t<\/div>\n<\/details>\n\n\n\n<details style=\"--faq-color:#16b1b0;\" class=\"gt-fse-faq wp-block-gt-gt-fse-faq\" data-wp-interactive=\"gt-fse-faq\" data-wp-context='{\"isOpen\": false}'>\n\t<summary aria-expanded=\"false\" class=\"gt-fse-faq-summary\" data-wp-on--click=\"actions.toggle\" data-wp-bind--aria-expanded=\"context.isOpen\">\n\t\t<div class=\"gt-fse-faq-summary-text\"><strong>12<\/strong>Is there internet access at the campsite?<\/div>\t\t<span class=\"gt-fse-faq-opener\"><\/span>\n\t<\/summary>\n\t<div class=\"gt-fse-faq-content\">\n\t\t\n\n<p>Yes, there is a free but limited wifi zone.<\/p>\n\n\t<\/div>\n<\/details>\n\n\n\n<details style=\"--faq-color:#16b1b0;\" class=\"gt-fse-faq wp-block-gt-gt-fse-faq\" data-wp-interactive=\"gt-fse-faq\" data-wp-context='{\"isOpen\": false}'>\n\t<summary aria-expanded=\"false\" class=\"gt-fse-faq-summary\" data-wp-on--click=\"actions.toggle\" data-wp-bind--aria-expanded=\"context.isOpen\">\n\t\t<div class=\"gt-fse-faq-summary-text\"><strong>13<\/strong>Is there a launderette?<\/div>\t\t<span class=\"gt-fse-faq-opener\"><\/span>\n\t<\/summary>\n\t<div class=\"gt-fse-faq-content\">\n\t\t\n\n<p>Yes, there&#8217;s a laundromat.<\/p>\n\n\n\n<p>6.50\u20ac per 8 kg washing machine + 0.60\u20ac per detergent<\/p>\n\n\n\n<p>3.50\u20ac for tumble dryer<\/p>\n\n\t<\/div>\n<\/details>\n\n\n\n<details style=\"--faq-color:#16b1b0;\" class=\"gt-fse-faq wp-block-gt-gt-fse-faq\" data-wp-interactive=\"gt-fse-faq\" data-wp-context='{\"isOpen\": false}'>\n\t<summary aria-expanded=\"false\" class=\"gt-fse-faq-summary\" data-wp-on--click=\"actions.toggle\" data-wp-bind--aria-expanded=\"context.isOpen\">\n\t\t<div class=\"gt-fse-faq-summary-text\"><strong>14<\/strong>Are pets allowed?<\/div>\t\t<span class=\"gt-fse-faq-opener\"><\/span>\n\t<\/summary>\n\t<div class=\"gt-fse-faq-content\">\n\t\t\n\n<p>Not for rent.<\/p>\n\n\n\n<p>Yes, for camping pitches (except category I and II dogs).<\/p>\n\n\n\n<p>They must be kept on a leash and have their vaccination record up to date.<\/p>\n\n\t<\/div>\n<\/details>\n\n\n\n<details style=\"--faq-color:#16b1b0;\" class=\"gt-fse-faq wp-block-gt-gt-fse-faq\" data-wp-interactive=\"gt-fse-faq\" data-wp-context='{\"isOpen\": false}'>\n\t<summary aria-expanded=\"false\" class=\"gt-fse-faq-summary\" data-wp-on--click=\"actions.toggle\" data-wp-bind--aria-expanded=\"context.isOpen\">\n\t\t<div class=\"gt-fse-faq-summary-text\"><strong>15<\/strong>Are barbecues allowed?<\/div>\t\t<span class=\"gt-fse-faq-opener\"><\/span>\n\t<\/summary>\n\t<div class=\"gt-fse-faq-content\">\n\t\t\n\n<p>Yes, charcoal barbecues are permitted.<\/p>\n\n\n\n<p>3 communal barbecues are available, or you can rent a charcoal barbecue for \u20ac15\/week.<\/p>\n\n\t<\/div>\n<\/details>\n\n\n\n\n<h2 class=\"wp-block-heading has-text-align-center has-custom-color-1-color has-text-color has-link-color has-x-large-font-size wp-elements-a8dd5d484c3188b82a3a45fc768d2ddc\" style=\"margin-top:var(--wp--preset--spacing--40)\">In the vicinity<\/h2>\n\n\n<details style=\"--faq-color:#16b1b0;\" class=\"gt-fse-faq wp-block-gt-gt-fse-faq\" data-wp-interactive=\"gt-fse-faq\" data-wp-context='{\"isOpen\": false}'>\n\t<summary aria-expanded=\"false\" class=\"gt-fse-faq-summary\" data-wp-on--click=\"actions.toggle\" data-wp-bind--aria-expanded=\"context.isOpen\">\n\t\t<div class=\"gt-fse-faq-summary-text\"><strong>01<\/strong>How far is the beach?<\/div>\t\t<span class=\"gt-fse-faq-opener\"><\/span>\n\t<\/summary>\n\t<div class=\"gt-fse-faq-content\">\n\t\t\n\n<p>The nearest beach is 1.5 km away by footpath or 1.5 km by road.<\/p>\n\n\t<\/div>\n<\/details>\n\n\n\n<details style=\"--faq-color:#16b1b0;\" class=\"gt-fse-faq wp-block-gt-gt-fse-faq\" data-wp-interactive=\"gt-fse-faq\" data-wp-context='{\"isOpen\": false}'>\n\t<summary aria-expanded=\"false\" class=\"gt-fse-faq-summary\" data-wp-on--click=\"actions.toggle\" data-wp-bind--aria-expanded=\"context.isOpen\">\n\t\t<div class=\"gt-fse-faq-summary-text\"><strong>02<\/strong>Are there any shops nearby?<\/div>\t\t<span class=\"gt-fse-faq-opener\"><\/span>\n\t<\/summary>\n\t<div class=\"gt-fse-faq-content\">\n\t\t\n\n<p>Shops, supermarkets and the Tourist Office are just 3.5 km away.<\/p>\n\n\t<\/div>\n<\/details>\n\n\n\n<details style=\"--faq-color:#16b1b0;\" class=\"gt-fse-faq wp-block-gt-gt-fse-faq\" data-wp-interactive=\"gt-fse-faq\" data-wp-context='{\"isOpen\": false}'>\n\t<summary aria-expanded=\"false\" class=\"gt-fse-faq-summary\" data-wp-on--click=\"actions.toggle\" data-wp-bind--aria-expanded=\"context.isOpen\">\n\t\t<div class=\"gt-fse-faq-summary-text\"><strong>03<\/strong>What can you visit in the vicinity of the campsite?<\/div>\t\t<span class=\"gt-fse-faq-opener\"><\/span>\n\t<\/summary>\n\t<div class=\"gt-fse-faq-content\">\n\t\t\n\n<p>B\u00e9nodet, la For\u00eat-Fouesnant, Quimper, Concarneau, Pont-Aven, Pont l&#8217;abb\u00e9, Locronan, Douarnenez, la Pointe du Raz&#8230;<\/p>\n\n\t<\/div>\n<\/details>\n\n\n\n<details style=\"--faq-color:#16b1b0;\" class=\"gt-fse-faq wp-block-gt-gt-fse-faq\" data-wp-interactive=\"gt-fse-faq\" data-wp-context='{\"isOpen\": false}'>\n\t<summary aria-expanded=\"false\" class=\"gt-fse-faq-summary\" data-wp-on--click=\"actions.toggle\" data-wp-bind--aria-expanded=\"context.isOpen\">\n\t\t<div class=\"gt-fse-faq-summary-text\"><strong>04<\/strong>What activities are available near the campsite?<\/div>\t\t<span class=\"gt-fse-faq-opener\"><\/span>\n\t<\/summary>\n\t<div class=\"gt-fse-faq-content\">\n\t\t\n\n<p>You can enjoy water sports such as windsurfing, dinghy sailing, catamaran sailing, sea kayaking, canoeing, stand-up paddling, diving and jet-skiing, as well as other activities such as horse riding, tennis, table tennis, skate-park, bowling, acrobranches, p\u00e9tanque, golf&#8230;<\/p>\n\n\t<\/div>\n<\/details>\n\n<\/div>\n<\/div>\n<\/div>\n\n\n\n<figure class=\"wp-block-image size-large forme-svg\"><img decoding=\"async\" width=\"268\" height=\"383\" src=\"https:\/\/www.camping-bretagne-delapiscine.com\/wp-content\/uploads\/2025\/10\/palmier-transat-orange.svg\" alt=\"orange deckchair palm\" class=\"wp-image-510\"\/><\/figure>\n<\/div>\n\n<div class=\"wp-block-group section-maillage has-global-padding is-layout-constrained wp-container-core-group-is-layout-53e62878 wp-block-group-is-layout-constrained\" style=\"margin-top:0px;margin-bottom:8rem;padding-top:0px;padding-bottom:0px\">\n<p class=\"has-text-align-center has-custom-color-1-color has-text-color has-link-color has-melbourne-thin-font-family gt-no-padding-mobile wp-elements-a506f34e63f7b4f9b66a559b7aac1069\" style=\"margin-top:4rem;margin-bottom:4rem;padding-top:6rem;padding-right:4rem;padding-bottom:4rem;padding-left:4rem;font-size:clamp(2.418rem, 2.418rem + ((1vw - 0.2rem) * 3.47), 4.5rem);line-height:1;text-transform:none\"><strong>Discover<\/strong> <br\/>services and accommodation<\/p>\n\n\n\n<div data-wp-context=\"{}\" data-wp-interactive=\"core\/query\" data-wp-key=\"0\" data-wp-router-region=\"query-0\" class=\"wp-block-query alignwide gt-fse-maillage-query is-layout-flow wp-block-query-is-layout-flow\"><ul class=\"columns-3 wp-block-post-template is-layout-grid wp-container-core-post-template-is-layout-42cbe8f0 wp-block-post-template-is-layout-grid\"><li data-wp-key=\"post-template-item-2254\" class=\"wp-block-post post-2254 page type-page status-publish has-post-thumbnail hentry\">\n<a href=\"https:\/\/www.camping-bretagne-delapiscine.com\/en\/rental-pitches-fouesnant\/\"    class=\"wp-block-tiptip-hyperlink-group-block\" >\n<div class=\"wp-block-cover is-light\" style=\"border-radius:25px;padding-top:4rem;padding-right:4rem;padding-bottom:4rem;padding-left:4rem\"><span aria-hidden=\"true\" class=\"wp-block-cover__background has-background-dim has-background-gradient\" style=\"background:linear-gradient(180deg,rgba(255,255,255,0) 0%,rgb(0,0,0) 100%)\"><\/span><img decoding=\"async\" width=\"1920\" height=\"800\" src=\"https:\/\/www.camping-bretagne-delapiscine.com\/wp-content\/uploads\/2025\/12\/emplacement-bretagne.jpg\" class=\"wp-block-cover__image-background wp-post-image\" alt=\"location bretagne\" data-object-fit=\"cover\" \/><div class=\"wp-block-cover__inner-container has-global-padding is-layout-constrained wp-container-core-cover-is-layout-3968af2f wp-block-cover-is-layout-constrained\">\n<p style=\"font-size:clamp(1.624rem, 1.624rem + ((1vw - 0.2rem) * 1.877), 2.75rem);font-style:normal;font-weight:900;line-height:1.3;text-transform:uppercase\">Pitches<\/p>\n<\/div><\/div>\n<\/a>\n\n<a class=\"is-style-lien-cover wp-block-read-more\" href=\"https:\/\/www.camping-bretagne-delapiscine.com\/en\/rental-pitches-fouesnant\/\" target=\"_self\">Read more<span class=\"screen-reader-text\">: Our pitches<\/span><\/a>\n<\/li><li data-wp-key=\"post-template-item-2261\" class=\"wp-block-post post-2261 page type-page status-publish has-post-thumbnail hentry\">\n<a href=\"https:\/\/www.camping-bretagne-delapiscine.com\/en\/rental-mobile-home-fouesnant\/\"    class=\"wp-block-tiptip-hyperlink-group-block\" >\n<div class=\"wp-block-cover is-light\" style=\"border-radius:25px;padding-top:4rem;padding-right:4rem;padding-bottom:4rem;padding-left:4rem\"><span aria-hidden=\"true\" class=\"wp-block-cover__background has-background-dim has-background-gradient\" style=\"background:linear-gradient(180deg,rgba(255,255,255,0) 0%,rgb(0,0,0) 100%)\"><\/span><img decoding=\"async\" width=\"1920\" height=\"800\" src=\"https:\/\/www.camping-bretagne-delapiscine.com\/wp-content\/uploads\/2025\/12\/location-mobil-home-bretagne.jpg\" class=\"wp-block-cover__image-background wp-post-image\" alt=\"mobile home rental bretagne\" data-object-fit=\"cover\" \/><div class=\"wp-block-cover__inner-container has-global-padding is-layout-constrained wp-container-core-cover-is-layout-3968af2f wp-block-cover-is-layout-constrained\">\n<p style=\"font-size:clamp(1.624rem, 1.624rem + ((1vw - 0.2rem) * 1.877), 2.75rem);font-style:normal;font-weight:900;line-height:1.3;text-transform:uppercase\">Rentals<\/p>\n<\/div><\/div>\n<\/a>\n\n<a class=\"is-style-lien-cover wp-block-read-more\" href=\"https:\/\/www.camping-bretagne-delapiscine.com\/en\/rental-mobile-home-fouesnant\/\" target=\"_self\">Read more<span class=\"screen-reader-text\">: Our rentals<\/span><\/a>\n<\/li><li data-wp-key=\"post-template-item-2238\" class=\"wp-block-post post-2238 page type-page status-publish has-post-thumbnail hentry\">\n<a href=\"https:\/\/www.camping-bretagne-delapiscine.com\/en\/family-campsite-fouesnant\/\"    class=\"wp-block-tiptip-hyperlink-group-block\" >\n<div class=\"wp-block-cover is-light\" style=\"border-radius:25px;padding-top:4rem;padding-right:4rem;padding-bottom:4rem;padding-left:4rem\"><span aria-hidden=\"true\" class=\"wp-block-cover__background has-background-dim has-background-gradient\" style=\"background:linear-gradient(180deg,rgba(255,255,255,0) 0%,rgb(0,0,0) 100%)\"><\/span><img decoding=\"async\" width=\"2000\" height=\"671\" src=\"https:\/\/www.camping-bretagne-delapiscine.com\/wp-content\/uploads\/2025\/12\/services-du-camping-la-piscine-en-finistere-sud.jpg\" class=\"wp-block-cover__image-background wp-post-image\" alt=\"services at la piscine campsite in south finistere\" data-object-fit=\"cover\" \/><div class=\"wp-block-cover__inner-container has-global-padding is-layout-constrained wp-container-core-cover-is-layout-3968af2f wp-block-cover-is-layout-constrained\">\n<p style=\"font-size:clamp(1.624rem, 1.624rem + ((1vw - 0.2rem) * 1.877), 2.75rem);font-style:normal;font-weight:900;line-height:1.3;text-transform:uppercase\">Services<\/p>\n<\/div><\/div>\n<\/a>\n\n<a class=\"is-style-lien-cover wp-block-read-more\" href=\"https:\/\/www.camping-bretagne-delapiscine.com\/en\/family-campsite-fouesnant\/\" target=\"_self\">Read more<span class=\"screen-reader-text\">: Services<\/span><\/a>\n<\/li><\/ul><\/div>\n<\/div>\n","protected":false},"excerpt":{"rendered":"<p>Frequently asked questions To help you make the most of your stay with us, we&#8217;ve listed the most frequently asked questions below. General questions About your stay : In the vicinity Discover services and accommodation<\/p>\n","protected":false},"author":1,"featured_media":1333,"parent":0,"menu_order":0,"comment_status":"closed","ping_status":"closed","template":"","meta":{"_acf_changed":false,"_seopress_robots_primary_cat":"","_seopress_titles_title":"FAQ Camping La Piscine in Fouesnant","_seopress_titles_desc":"Prepare your stay at the campsite: booking information, secure payment and cancellation insurance for a carefree vacation!","_seopress_robots_index":"","_gt_ctv_global_id":"1907","_gt_ctv_id_group":false,"inline_featured_image":false,"gt_fse_maillage_image":"https:\/\/www.camping-bretagne-delapiscine.com\/wp-content\/uploads\/2025\/12\/foire-au-question-camping-en-bretagne.jpg","gt_fse_maillage_titre":"Auto draft","gt_fse_maillage_alt":"Auto draft","gt_fse_maillage_resume":"","footnotes":""},"categories":[],"tags":[],"class_list":["post-2188","page","type-page","status-publish","has-post-thumbnail","hentry"],"acf":[],"_links":{"self":[{"href":"https:\/\/www.camping-bretagne-delapiscine.com\/en\/wp-json\/wp\/v2\/pages\/2188","targetHints":{"allow":["GET"]}}],"collection":[{"href":"https:\/\/www.camping-bretagne-delapiscine.com\/en\/wp-json\/wp\/v2\/pages"}],"about":[{"href":"https:\/\/www.camping-bretagne-delapiscine.com\/en\/wp-json\/wp\/v2\/types\/page"}],"author":[{"embeddable":true,"href":"https:\/\/www.camping-bretagne-delapiscine.com\/en\/wp-json\/wp\/v2\/users\/1"}],"replies":[{"embeddable":true,"href":"https:\/\/www.camping-bretagne-delapiscine.com\/en\/wp-json\/wp\/v2\/comments?post=2188"}],"version-history":[{"count":9,"href":"https:\/\/www.camping-bretagne-delapiscine.com\/en\/wp-json\/wp\/v2\/pages\/2188\/revisions"}],"predecessor-version":[{"id":3496,"href":"https:\/\/www.camping-bretagne-delapiscine.com\/en\/wp-json\/wp\/v2\/pages\/2188\/revisions\/3496"}],"wp:featuredmedia":[{"embeddable":true,"href":"https:\/\/www.camping-bretagne-delapiscine.com\/en\/wp-json\/wp\/v2\/media\/1333"}],"wp:attachment":[{"href":"https:\/\/www.camping-bretagne-delapiscine.com\/en\/wp-json\/wp\/v2\/media?parent=2188"}],"wp:term":[{"taxonomy":"category","embeddable":true,"href":"https:\/\/www.camping-bretagne-delapiscine.com\/en\/wp-json\/wp\/v2\/categories?post=2188"},{"taxonomy":"post_tag","embeddable":true,"href":"https:\/\/www.camping-bretagne-delapiscine.com\/en\/wp-json\/wp\/v2\/tags?post=2188"}],"curies":[{"name":"wp","href":"https:\/\/api.w.org\/{rel}","templated":true}]}}