{"id":2186,"date":"2025-10-14T11:58:43","date_gmt":"2025-10-14T09:58:43","guid":{"rendered":"https:\/\/www.camping-bretagne-delapiscine.com\/faq-camping-de-la-piscine\/"},"modified":"2026-02-12T12:01:51","modified_gmt":"2026-02-12T11:01:51","slug":"faq-campingplatz-de-la-piscine","status":"publish","type":"page","link":"https:\/\/www.camping-bretagne-delapiscine.com\/de\/faq-campingplatz-de-la-piscine\/","title":{"rendered":"FAQ"},"content":{"rendered":"\n<div class=\"wp-block-group section-title has-global-padding is-layout-constrained wp-container-core-group-is-layout-0599a116 wp-block-group-is-layout-constrained\" style=\"padding-top:4rem;padding-right:4rem;padding-bottom:2rem;padding-left:4rem\">\n<h1 class=\"wp-block-heading has-text-align-center has-custom-color-1-color has-text-color has-link-color has-melbourne-thin-font-family wp-elements-d6150b89df2e1109dca7b488032504d4\" style=\"margin-bottom:3rem;font-size:clamp(2.835rem, 2.835rem + ((1vw - 0.2rem) * 4.442), 5.5rem);letter-spacing:-3px;line-height:0.9\"><strong>H\u00e4ufig gestellte Fragen<\/strong><\/h1>\n\n\n\n<p class=\"has-text-align-center\">Um Ihnen den Aufenthalt bei uns zu erleichtern, haben wir die am h\u00e4ufigsten gestellten Fragen unten aufgelistet.<\/p>\n<\/div>\n\n<div class=\"wp-block-group section-faq has-global-padding is-layout-constrained wp-container-core-group-is-layout-0a0e29a9 wp-block-group-is-layout-constrained\" style=\"margin-top:4rem;padding-right:0px;padding-bottom:0rem;padding-left:0px\">\n<div class=\"wp-block-columns are-vertically-aligned-center is-layout-flex wp-container-core-columns-is-layout-a79dbd38 wp-block-columns-is-layout-flex\" style=\"margin-top:3rem;margin-bottom:0px;padding-right:0rem;padding-left:0rem\">\n<div class=\"wp-block-column is-vertically-aligned-center left is-layout-flow wp-block-column-is-layout-flow\" style=\"border-top-left-radius:25px;border-top-right-radius:25px;padding-left:0rem;flex-basis:100%\">\n<div class=\"wp-block-group has-global-padding is-layout-constrained wp-block-group-is-layout-constrained\" style=\"border-radius:50px;padding-top:0;padding-bottom:0\">\n<figure class=\"wp-block-image size-large is-resized icon-faq\"><img decoding=\"async\" width=\"77\" height=\"90\" src=\"https:\/\/www.camping-bretagne-delapiscine.com\/wp-content\/uploads\/2025\/10\/forme-logo-jaune.svg\" alt=\"Form gelbes Logo\" class=\"wp-image-164\" style=\"width:77px;height:auto\" \/><\/figure>\n\n\n\n<h2 class=\"wp-block-heading has-text-align-center has-custom-color-1-color has-text-color has-link-color has-x-large-font-size wp-elements-546ecee11e53a7e64a968260513f34a7\">Allgemeine Fragen<\/h2>\n\n\n<details style=\"--faq-color:#16b1b0;\" class=\"gt-fse-faq wp-block-gt-gt-fse-faq\" data-wp-interactive=\"gt-fse-faq\" data-wp-context='{\"isOpen\": false}'>\n\t<summary aria-expanded=\"false\" class=\"gt-fse-faq-summary\" data-wp-on--click=\"actions.toggle\" data-wp-bind--aria-expanded=\"context.isOpen\">\n\t\t<div class=\"gt-fse-faq-summary-text\"><strong>01<\/strong>Was sind die Daten f\u00fcr die Er\u00f6ffnung des Campingplatzes im Jahr 2026?<\/div>\t\t<span class=\"gt-fse-faq-opener\"><\/span>\n\t<\/summary>\n\t<div class=\"gt-fse-faq-content\">\n\t\t\n\n<p>Der Campingplatz wird vom 1. Mai bis zum 31. August 2026 ge\u00f6ffnet sein.<\/p>\n\n\t<\/div>\n<\/details>\n\n\n\n<details style=\"--faq-color:#16b1b0;\" class=\"gt-fse-faq wp-block-gt-gt-fse-faq\" data-wp-interactive=\"gt-fse-faq\" data-wp-context='{\"isOpen\": false}'>\n\t<summary aria-expanded=\"false\" class=\"gt-fse-faq-summary\" data-wp-on--click=\"actions.toggle\" data-wp-bind--aria-expanded=\"context.isOpen\">\n\t\t<div class=\"gt-fse-faq-summary-text\"><strong>02<\/strong>Ist der Campingplatz VACAF-zertifiziert?<\/div>\t\t<span class=\"gt-fse-faq-opener\"><\/span>\n\t<\/summary>\n\t<div class=\"gt-fse-faq-content\">\n\t\t\n\n<p>Nein: Wir sind nicht von VACAF anerkannt.<\/p>\n\n\t<\/div>\n<\/details>\n\n\n\n<details style=\"--faq-color:#16b1b0;\" class=\"gt-fse-faq wp-block-gt-gt-fse-faq\" data-wp-interactive=\"gt-fse-faq\" data-wp-context='{\"isOpen\": false}'>\n\t<summary aria-expanded=\"false\" class=\"gt-fse-faq-summary\" data-wp-on--click=\"actions.toggle\" data-wp-bind--aria-expanded=\"context.isOpen\">\n\t\t<div class=\"gt-fse-faq-summary-text\"><strong>03<\/strong>Wie kann ich eine Ferienwohnung buchen?<\/div>\t\t<span class=\"gt-fse-faq-opener\"><\/span>\n\t<\/summary>\n\t<div class=\"gt-fse-faq-content\">\n\t\t\n\n<p>Sie k\u00f6nnen direkt auf der Website buchen.<\/p>\n\n\n\n<p>Es wird eine Anzahlung von 30% des Mietpreises + 25\u20ac Bearbeitungsgeb\u00fchr verlangt, oder der gesamte Betrag f\u00fcr Kurzaufenthalte und bis 30 Tage vor Ankunft.<\/p>\n\n\t<\/div>\n<\/details>\n\n\n\n<details style=\"--faq-color:#16b1b0;\" class=\"gt-fse-faq wp-block-gt-gt-fse-faq\" data-wp-interactive=\"gt-fse-faq\" data-wp-context='{\"isOpen\": false}'>\n\t<summary aria-expanded=\"false\" class=\"gt-fse-faq-summary\" data-wp-on--click=\"actions.toggle\" data-wp-bind--aria-expanded=\"context.isOpen\">\n\t\t<div class=\"gt-fse-faq-summary-text\"><strong>04<\/strong>Welche Zahlungsmethoden werden akzeptiert?<\/div>\t\t<span class=\"gt-fse-faq-opener\"><\/span>\n\t<\/summary>\n\t<div class=\"gt-fse-faq-content\">\n\t\t\n\n<p>Wir akzeptieren Zahlungen per Kreditkarte (sichere Zahlung), per Scheck nur 20 Tage vor Ankunft, Urlaubsschecks, Bargeld, Bank\u00fcberweisung und bancontact.<\/p>\n\n\t<\/div>\n<\/details>\n\n\n\n<details style=\"--faq-color:#16b1b0;\" class=\"gt-fse-faq wp-block-gt-gt-fse-faq\" data-wp-interactive=\"gt-fse-faq\" data-wp-context='{\"isOpen\": false}'>\n\t<summary aria-expanded=\"false\" class=\"gt-fse-faq-summary\" data-wp-on--click=\"actions.toggle\" data-wp-bind--aria-expanded=\"context.isOpen\">\n\t\t<div class=\"gt-fse-faq-summary-text\"><strong>05<\/strong>Was ist eine Reiser\u00fccktrittsversicherung?<\/div>\t\t<span class=\"gt-fse-faq-opener\"><\/span>\n\t<\/summary>\n\t<div class=\"gt-fse-faq-content\">\n\t\t\n\n<p>Die Reiser\u00fccktrittsversicherung ist eine optionale Pauschale, die vollst\u00e4ndig und ausschlie\u00dflich bei der Buchung Ihres Urlaubs zu zahlen ist. Sie betr\u00e4gt 3,5 % des Aufenthaltspreises. Diese Versicherung sichert die R\u00fcckerstattung der gezahlten Betr\u00e4ge (gegen Vorlage eines Belegs) und gilt f\u00fcr die in den Allgemeinen Gesch\u00e4ftsbedingungen genannten F\u00e4lle.  <\/p>\n\n\n\n<p>F\u00fcr weitere Informationen besuchen Sie bitte die Website unseres Partners Campez-Couvert:www.campez-couvert.com<\/p>\n\n\t<\/div>\n<\/details>\n\n\n\n<details style=\"--faq-color:#16b1b0;\" class=\"gt-fse-faq wp-block-gt-gt-fse-faq\" data-wp-interactive=\"gt-fse-faq\" data-wp-context='{\"isOpen\": false}'>\n\t<summary aria-expanded=\"false\" class=\"gt-fse-faq-summary\" data-wp-on--click=\"actions.toggle\" data-wp-bind--aria-expanded=\"context.isOpen\">\n\t\t<div class=\"gt-fse-faq-summary-text\"><strong>06<\/strong>Wie erfolgt die Zahlung des Restbetrags?<\/div>\t\t<span class=\"gt-fse-faq-opener\"><\/span>\n\t<\/summary>\n\t<div class=\"gt-fse-faq-content\">\n\t\t\n\n<p>Der Restbetrag muss 30 Tage vor Ihrer Ankunft bezahlt werden. Wenn Sie Ihren Aufenthalt \u00fcber mehrere Perioden verteilen m\u00f6chten, ist dies m\u00f6glich, sofern der Gesamtbetrag f\u00fcr Ihren Aufenthalt vor dieser Frist bezahlt wird. <\/p>\n\n\t<\/div>\n<\/details>\n\n\n\n<details style=\"--faq-color:#16b1b0;\" class=\"gt-fse-faq wp-block-gt-gt-fse-faq\" data-wp-interactive=\"gt-fse-faq\" data-wp-context='{\"isOpen\": false}'>\n\t<summary aria-expanded=\"false\" class=\"gt-fse-faq-summary\" data-wp-on--click=\"actions.toggle\" data-wp-bind--aria-expanded=\"context.isOpen\">\n\t\t<div class=\"gt-fse-faq-summary-text\"><strong>07<\/strong>Was sind die Bedingungen f\u00fcr die Stornierung eines Mietvertrags?<\/div>\t\t<span class=\"gt-fse-faq-opener\"><\/span>\n\t<\/summary>\n\t<div class=\"gt-fse-faq-content\">\n\t\t\n\n<ul class=\"wp-block-list\">\n<li>Mehr als 45 Tage vor dem Aufenthalt: Die Anzahlung wird zur\u00fcckerstattet.<\/li>\n\n\n\n<li>Zwischen 44 und 30 Tagen vor dem Aufenthalt: Es werden 125 \u20ac einbehalten.<\/li>\n\n\n\n<li>Weniger als 30 Tage: Der gesamte Aufenthalt wird in Rechnung gestellt und nicht zur\u00fcckerstattet.<\/li>\n<\/ul>\n\n\n\n<p>Die Bearbeitungsgeb\u00fchr und die Reiser\u00fccktrittsversicherung werden in keinem Fall zur\u00fcckerstattet.<\/p>\n\n\t<\/div>\n<\/details>\n\n\n\n<details style=\"--faq-color:#16b1b0;\" class=\"gt-fse-faq wp-block-gt-gt-fse-faq\" data-wp-interactive=\"gt-fse-faq\" data-wp-context='{\"isOpen\": false}'>\n\t<summary aria-expanded=\"false\" class=\"gt-fse-faq-summary\" data-wp-on--click=\"actions.toggle\" data-wp-bind--aria-expanded=\"context.isOpen\">\n\t\t<div class=\"gt-fse-faq-summary-text\"><strong>08<\/strong>Ich habe ein Mietobjekt gemietet, was muss ich mitbringen?<\/div>\t\t<span class=\"gt-fse-faq-opener\"><\/span>\n\t<\/summary>\n\t<div class=\"gt-fse-faq-content\">\n\t\t\n\n<p>Bettdecken und Kopfkissen sind im Mietpreis enthalten, bitte bringen Sie Bettlaken, Bettbez\u00fcge, Kopfkissenbez\u00fcge und Hausw\u00e4sche mit. Denken Sie daran, die Gr\u00f6\u00dfe der Doppelbetten zu \u00fcberpr\u00fcfen. <\/p>\n\n\t<\/div>\n<\/details>\n\n\n\n<details style=\"--faq-color:#16b1b0;\" class=\"gt-fse-faq wp-block-gt-gt-fse-faq\" data-wp-interactive=\"gt-fse-faq\" data-wp-context='{\"isOpen\": false}'>\n\t<summary aria-expanded=\"false\" class=\"gt-fse-faq-summary\" data-wp-on--click=\"actions.toggle\" data-wp-bind--aria-expanded=\"context.isOpen\">\n\t\t<div class=\"gt-fse-faq-summary-text\"><strong>09<\/strong>Kann man Bettw\u00e4sche mieten?<\/div>\t\t<span class=\"gt-fse-faq-opener\"><\/span>\n\t<\/summary>\n\t<div class=\"gt-fse-faq-content\">\n\t\t\n\n<p>Ja, die Miete von Bettw\u00e4sche betr\u00e4gt 18\u20ac\/Bett\/Aufenthalt.<\/p>\n\n\t<\/div>\n<\/details>\n\n\n\n<details style=\"--faq-color:#16b1b0;\" class=\"gt-fse-faq wp-block-gt-gt-fse-faq\" data-wp-interactive=\"gt-fse-faq\" data-wp-context='{\"isOpen\": false}'>\n\t<summary aria-expanded=\"false\" class=\"gt-fse-faq-summary\" data-wp-on--click=\"actions.toggle\" data-wp-bind--aria-expanded=\"context.isOpen\">\n\t\t<div class=\"gt-fse-faq-summary-text\"><strong>10<\/strong> Wie sind die Unterk\u00fcnfte ausgestattet?<\/div>\t\t<span class=\"gt-fse-faq-opener\"><\/span>\n\t<\/summary>\n\t<div class=\"gt-fse-faq-content\">\n\t\t\n\n<p>Hier ist ein vereinfachtes Inventar der Mietobjekte:<\/p>\n\n\n\n<p>Gartenm\u00f6bel, Liegestuhl, Sonnenschirm, Kopfkissen, Bettdecken, Gl\u00e4ser, Tassen, Schalen, Wasserkrug, Kaffeemaschine, Mikrowelle mit Grill, Zitronenpresse, Korb, Teller, Salatsch\u00fcsseln, Servierplatte, Ofenplatte, T\u00f6pfe, Kochtopf, Pfannen, Gem\u00fcsesieb, Salatschleuder, Schneidebrett, Aschenbecher, Besteck, Teesieb, Korkenzieher, Sch\u00f6pfkelle, Schauml\u00f6ffel, Schneebesen, Nussknacker, Pfeifenreiniger, Brotmesser, Fleischmesser, Sparsch\u00e4ler, Holzspatel, Abtropfgestell f\u00fcr Geschirr, Sch\u00fcssel, Eimer, Wischmop, M\u00fclleimer, Schaufel+Besen, Besen, Kleiderb\u00fcgel, W\u00e4schest\u00e4nder.<\/p>\n\n\t<\/div>\n<\/details>\n\n\n\n<details style=\"--faq-color:#16b1b0;\" class=\"gt-fse-faq wp-block-gt-gt-fse-faq\" data-wp-interactive=\"gt-fse-faq\" data-wp-context='{\"isOpen\": false}'>\n\t<summary aria-expanded=\"false\" class=\"gt-fse-faq-summary\" data-wp-on--click=\"actions.toggle\" data-wp-bind--aria-expanded=\"context.isOpen\">\n\t\t<div class=\"gt-fse-faq-summary-text\"><strong>11<\/strong>Kann man Babybetten\/Hochst\u00fchle mieten?<\/div>\t\t<span class=\"gt-fse-faq-opener\"><\/span>\n\t<\/summary>\n\t<div class=\"gt-fse-faq-content\">\n\t\t\n\n<p>Die Miete betr\u00e4gt 16\u20ac\/Bett oder Hochstuhl ansonsten. Vorbehaltlich der Verf\u00fcgbarkeit. Es wird empfohlen, diese bei der Buchung zu bestellen.  <\/p>\n\n\t<\/div>\n<\/details>\n\n\n\n<details style=\"--faq-color:#16b1b0;\" class=\"gt-fse-faq wp-block-gt-gt-fse-faq\" data-wp-interactive=\"gt-fse-faq\" data-wp-context='{\"isOpen\": false}'>\n\t<summary aria-expanded=\"false\" class=\"gt-fse-faq-summary\" data-wp-on--click=\"actions.toggle\" data-wp-bind--aria-expanded=\"context.isOpen\">\n\t\t<div class=\"gt-fse-faq-summary-text\"><strong>12<\/strong>Ist es m\u00f6glich, eine Reinigungspauschale zu buchen?<\/div>\t\t<span class=\"gt-fse-faq-opener\"><\/span>\n\t<\/summary>\n\t<div class=\"gt-fse-faq-content\">\n\t\t\n\n<p>Die Reinigungspauschale betr\u00e4gt \u20ac 80 f\u00fcr Mobilheime mit 2 Schlafzimmern und \u20ac 100 f\u00fcr Mobilheime mit 3 Schlafzimmern und Taos. Sie muss bei der Buchung in Anspruch genommen werden. <\/p>\n\n\t<\/div>\n<\/details>\n\n\n\n<details style=\"--faq-color:#16b1b0;\" class=\"gt-fse-faq wp-block-gt-gt-fse-faq\" data-wp-interactive=\"gt-fse-faq\" data-wp-context='{\"isOpen\": false}'>\n\t<summary aria-expanded=\"false\" class=\"gt-fse-faq-summary\" data-wp-on--click=\"actions.toggle\" data-wp-bind--aria-expanded=\"context.isOpen\">\n\t\t<div class=\"gt-fse-faq-summary-text\"><strong>13<\/strong>Gibt es auf dem Stellplatz einen Parkplatz f\u00fcr mein Auto?<\/div>\t\t<span class=\"gt-fse-faq-opener\"><\/span>\n\t<\/summary>\n\t<div class=\"gt-fse-faq-content\">\n\t\t\n\n<p>Alle Unterk\u00fcnfte und Stellpl\u00e4tze verf\u00fcgen \u00fcber einen Parkplatz f\u00fcr ein Fahrzeug direkt vor Ort oder in unmittelbarer N\u00e4he.<br \/>Wenn Sie mit einem zweiten Fahrzeug anreisen, k\u00f6nnen Sie dieses gegen Aufpreis und nach Verf\u00fcgbarkeit auf dem Parkplatz am Eingang der Unterkunft parken.<\/p>\n\n\t<\/div>\n<\/details>\n\n\n\n<details style=\"--faq-color:#16b1b0;\" class=\"gt-fse-faq wp-block-gt-gt-fse-faq\" data-wp-interactive=\"gt-fse-faq\" data-wp-context='{\"isOpen\": false}'>\n\t<summary aria-expanded=\"false\" class=\"gt-fse-faq-summary\" data-wp-on--click=\"actions.toggle\" data-wp-bind--aria-expanded=\"context.isOpen\">\n\t\t<div class=\"gt-fse-faq-summary-text\"><strong>14<\/strong>Gibt es Fernsehger\u00e4te in den Unterk\u00fcnften?<\/div>\t\t<span class=\"gt-fse-faq-opener\"><\/span>\n\t<\/summary>\n\t<div class=\"gt-fse-faq-content\">\n\t\t\n\n<p>Fernsehen ist in allen unseren Unterk\u00fcnften inbegriffen.<\/p>\n\n\t<\/div>\n<\/details>\n\n\n\n<details style=\"--faq-color:#16b1b0;\" class=\"gt-fse-faq wp-block-gt-gt-fse-faq\" data-wp-interactive=\"gt-fse-faq\" data-wp-context='{\"isOpen\": false}'>\n\t<summary aria-expanded=\"false\" class=\"gt-fse-faq-summary\" data-wp-on--click=\"actions.toggle\" data-wp-bind--aria-expanded=\"context.isOpen\">\n\t\t<div class=\"gt-fse-faq-summary-text\"><strong>15<\/strong>Wie buche ich einen Stellplatz?<\/div>\t\t<span class=\"gt-fse-faq-opener\"><\/span>\n\t<\/summary>\n\t<div class=\"gt-fse-faq-content\">\n\t\t\n\n<p>Sie k\u00f6nnen direkt \u00fcber die Online-Website buchen oder das Antragsformular ausdrucken und ausgef\u00fcllt per Post an uns senden.<\/p>\n\n\n\n<p>Wir bitten Sie um eine Anzahlung von 125\u20ac + 25\u20ac Buchungsgeb\u00fchr.<\/p>\n\n\n\n<p>Der Restbetrag ist 30 Tage vor Ihrer Ankunft zu zahlen (nur per Kreditkarte, \u00dcberweisung, Bargeld oder Ferienschecks).<\/p>\n\n\t<\/div>\n<\/details>\n\n\n\n<details style=\"--faq-color:#16b1b0;\" class=\"gt-fse-faq wp-block-gt-gt-fse-faq\" data-wp-interactive=\"gt-fse-faq\" data-wp-context='{\"isOpen\": false}'>\n\t<summary aria-expanded=\"false\" class=\"gt-fse-faq-summary\" data-wp-on--click=\"actions.toggle\" data-wp-bind--aria-expanded=\"context.isOpen\">\n\t\t<div class=\"gt-fse-faq-summary-text\"><strong>16<\/strong>Was sind die Bedingungen f\u00fcr die Stornierung eines Stellplatzes?<\/div>\t\t<span class=\"gt-fse-faq-opener\"><\/span>\n\t<\/summary>\n\t<div class=\"gt-fse-faq-content\">\n\t\t\n\n<ul class=\"wp-block-list\">\n<li>Mehr als 45 Tage vor dem Aufenthalt; die Anzahlung wird zur\u00fcckerstattet.<\/li>\n\n\n\n<li>Zwischen 44 und 30 Tagen vor dem Aufenthalt: Es werden 125 \u20ac einbehalten.<\/li>\n\n\n\n<li>Weniger als 30 Tage: Der gesamte Aufenthalt wird in Rechnung gestellt und nicht zur\u00fcckerstattet.<\/li>\n<\/ul>\n\n\t<\/div>\n<\/details>\n\n\n\n\n<h2 class=\"wp-block-heading has-text-align-center has-custom-color-1-color has-text-color has-link-color has-x-large-font-size wp-elements-578af050d854b8f7a1dfab1382b98d41\" style=\"margin-top:var(--wp--preset--spacing--40)\">In Bezug auf Ihren Aufenthalt :<\/h2>\n\n\n<details style=\"--faq-color:#16b1b0;\" class=\"gt-fse-faq wp-block-gt-gt-fse-faq\" data-wp-interactive=\"gt-fse-faq\" data-wp-context='{\"isOpen\": false}'>\n\t<summary aria-expanded=\"false\" class=\"gt-fse-faq-summary\" data-wp-on--click=\"actions.toggle\" data-wp-bind--aria-expanded=\"context.isOpen\">\n\t\t<div class=\"gt-fse-faq-summary-text\"><strong>01<\/strong>Was sind die \u00d6ffnungszeiten des Wassersportzentrums?<\/div>\t\t<span class=\"gt-fse-faq-opener\"><\/span>\n\t<\/summary>\n\t<div class=\"gt-fse-faq-content\">\n\t\t\n\n<p>Das Hallenbad ist vom 01\/05 bis 31\/08\/2026 ge\u00f6ffnet.<br \/>Der Wasserbereich im Freien ist vom 14\/05 bis 31\/08\/26 ge\u00f6ffnet.<\/p>\n\n\t<\/div>\n<\/details>\n\n\n\n<details style=\"--faq-color:#16b1b0;\" class=\"gt-fse-faq wp-block-gt-gt-fse-faq\" data-wp-interactive=\"gt-fse-faq\" data-wp-context='{\"isOpen\": false}'>\n\t<summary aria-expanded=\"false\" class=\"gt-fse-faq-summary\" data-wp-on--click=\"actions.toggle\" data-wp-bind--aria-expanded=\"context.isOpen\">\n\t\t<div class=\"gt-fse-faq-summary-text\"><strong>02<\/strong>Wie sind die \u00d6ffnungszeiten der Rezeption?<\/div>\t\t<span class=\"gt-fse-faq-opener\"><\/span>\n\t<\/summary>\n\t<div class=\"gt-fse-faq-content\">\n\t\t\n\n<p>Von 9.00 bis 12.15 Uhr und von 14.00 bis 18.30 Uhr im Mai-Juni und von 9.00 bis 19.00 Uhr im Juli-August.<\/p>\n\n\t<\/div>\n<\/details>\n\n\n\n<details style=\"--faq-color:#16b1b0;\" class=\"gt-fse-faq wp-block-gt-gt-fse-faq\" data-wp-interactive=\"gt-fse-faq\" data-wp-context='{\"isOpen\": false}'>\n\t<summary aria-expanded=\"false\" class=\"gt-fse-faq-summary\" data-wp-on--click=\"actions.toggle\" data-wp-bind--aria-expanded=\"context.isOpen\">\n\t\t<div class=\"gt-fse-faq-summary-text\"><strong>03<\/strong>Welche An- und Abreisezeiten sind m\u00f6glich?<\/div>\t\t<span class=\"gt-fse-faq-opener\"><\/span>\n\t<\/summary>\n\t<div class=\"gt-fse-faq-content\">\n\t\t\n\n<p>Vermietung: Ankunft ab 16.00 Uhr, Abreise vor 10.00 Uhr.<\/p>\n\n\n\n<p>Stellplatz: Ankunft ab 14.00 Uhr, Abreise vor 12.00 Uhr.<\/p>\n\n\t<\/div>\n<\/details>\n\n\n\n<details style=\"--faq-color:#16b1b0;\" class=\"gt-fse-faq wp-block-gt-gt-fse-faq\" data-wp-interactive=\"gt-fse-faq\" data-wp-context='{\"isOpen\": false}'>\n\t<summary aria-expanded=\"false\" class=\"gt-fse-faq-summary\" data-wp-on--click=\"actions.toggle\" data-wp-bind--aria-expanded=\"context.isOpen\">\n\t\t<div class=\"gt-fse-faq-summary-text\"><strong>04<\/strong>Was ist die Kurtaxe?<\/div>\t\t<span class=\"gt-fse-faq-opener\"><\/span>\n\t<\/summary>\n\t<div class=\"gt-fse-faq-content\">\n\t\t\n\n<p>Dies ist eine Steuer, die von den lokalen Beh\u00f6rden (Gemeinde, Departement) erhoben wird und die wir in ihrem Auftrag einziehen. Diese Steuer basiert auf der Anzahl der Teilnehmer am Aufenthalt und der Anzahl der \u00dcbernachtungen. Sie wird auf den Preis f\u00fcr Ihren Aufenthalt aufgeschlagen.  <\/p>\n\n\t<\/div>\n<\/details>\n\n\n\n<details style=\"--faq-color:#16b1b0;\" class=\"gt-fse-faq wp-block-gt-gt-fse-faq\" data-wp-interactive=\"gt-fse-faq\" data-wp-context='{\"isOpen\": false}'>\n\t<summary aria-expanded=\"false\" class=\"gt-fse-faq-summary\" data-wp-on--click=\"actions.toggle\" data-wp-bind--aria-expanded=\"context.isOpen\">\n\t\t<div class=\"gt-fse-faq-summary-text\"><strong>05<\/strong>Kann man au\u00dferhalb der \u00d6ffnungszeiten der Rezeption abreisen?<\/div>\t\t<span class=\"gt-fse-faq-opener\"><\/span>\n\t<\/summary>\n\t<div class=\"gt-fse-faq-content\">\n\t\t\n\n<p>Ja, in diesem Fall m\u00fcssen Sie bei Ihrer Abreise die Schl\u00fcssel in unseren Briefkasten werfen.<\/p>\n\n\t<\/div>\n<\/details>\n\n\n\n<details style=\"--faq-color:#16b1b0;\" class=\"gt-fse-faq wp-block-gt-gt-fse-faq\" data-wp-interactive=\"gt-fse-faq\" data-wp-context='{\"isOpen\": false}'>\n\t<summary aria-expanded=\"false\" class=\"gt-fse-faq-summary\" data-wp-on--click=\"actions.toggle\" data-wp-bind--aria-expanded=\"context.isOpen\">\n\t\t<div class=\"gt-fse-faq-summary-text\"><strong>06<\/strong>Werden Minderj\u00e4hrige akzeptiert?<\/div>\t\t<span class=\"gt-fse-faq-opener\"><\/span>\n\t<\/summary>\n\t<div class=\"gt-fse-faq-content\">\n\t\t\n\n<p>Minderj\u00e4hrige m\u00fcssen von ihren Eltern oder Erziehungsberechtigten begleitet werden.<\/p>\n\n\t<\/div>\n<\/details>\n\n\n\n<details style=\"--faq-color:#16b1b0;\" class=\"gt-fse-faq wp-block-gt-gt-fse-faq\" data-wp-interactive=\"gt-fse-faq\" data-wp-context='{\"isOpen\": false}'>\n\t<summary aria-expanded=\"false\" class=\"gt-fse-faq-summary\" data-wp-on--click=\"actions.toggle\" data-wp-bind--aria-expanded=\"context.isOpen\">\n\t\t<div class=\"gt-fse-faq-summary-text\"><strong>07<\/strong>Sind die Pools beheizt?<\/div>\t\t<span class=\"gt-fse-faq-opener\"><\/span>\n\t<\/summary>\n\t<div class=\"gt-fse-faq-content\">\n\t\t\n\n<p>Ja, unsere beiden Wasserbereiche sind beheizt.<\/p>\n\n\t<\/div>\n<\/details>\n\n\n\n<details style=\"--faq-color:#16b1b0;\" class=\"gt-fse-faq wp-block-gt-gt-fse-faq\" data-wp-interactive=\"gt-fse-faq\" data-wp-context='{\"isOpen\": false}'>\n\t<summary aria-expanded=\"false\" class=\"gt-fse-faq-summary\" data-wp-on--click=\"actions.toggle\" data-wp-bind--aria-expanded=\"context.isOpen\">\n\t\t<div class=\"gt-fse-faq-summary-text\"><strong>08<\/strong>Was sind die Voraussetzungen f\u00fcr den Zugang zu Schwimmb\u00e4dern?<\/div>\t\t<span class=\"gt-fse-faq-opener\"><\/span>\n\t<\/summary>\n\t<div class=\"gt-fse-faq-content\">\n\t\t\n\n<p>Das Tragen des Armbands ist obligatorisch.<\/p>\n\n\n\n<p>Das Tragen von Badeshorts ist aus hygienischen Gr\u00fcnden verboten.<\/p>\n\n\n\n<p>Kinder unter 10 Jahren m\u00fcssen von einer vollj\u00e4hrigen Person begleitet werden, um Zugang zu den Schwimmb\u00e4dern zu erhalten.<\/p>\n\n\n\n<p>Besuchern ist der Zugang zu den Swimmingpools nicht gestattet.<\/p>\n\n\t<\/div>\n<\/details>\n\n\n\n<details style=\"--faq-color:#16b1b0;\" class=\"gt-fse-faq wp-block-gt-gt-fse-faq\" data-wp-interactive=\"gt-fse-faq\" data-wp-context='{\"isOpen\": false}'>\n\t<summary aria-expanded=\"false\" class=\"gt-fse-faq-summary\" data-wp-on--click=\"actions.toggle\" data-wp-bind--aria-expanded=\"context.isOpen\">\n\t\t<div class=\"gt-fse-faq-summary-text\"><strong>09<\/strong>Kann ich Fahrr\u00e4der mieten?<\/div>\t\t<span class=\"gt-fse-faq-opener\"><\/span>\n\t<\/summary>\n\t<div class=\"gt-fse-faq-content\">\n\t\t\n\n<p>Sie k\u00f6nnen Fahrr\u00e4der f\u00fcr einen halben Tag (9 \u20ac) oder einen ganzen Tag (12 \u20ac) mieten.<\/p>\n\n\t<\/div>\n<\/details>\n\n\n\n<details style=\"--faq-color:#16b1b0;\" class=\"gt-fse-faq wp-block-gt-gt-fse-faq\" data-wp-interactive=\"gt-fse-faq\" data-wp-context='{\"isOpen\": false}'>\n\t<summary aria-expanded=\"false\" class=\"gt-fse-faq-summary\" data-wp-on--click=\"actions.toggle\" data-wp-bind--aria-expanded=\"context.isOpen\">\n\t\t<div class=\"gt-fse-faq-summary-text\"><strong>10<\/strong> Gibt es Aktivit\u00e4ten\/Animation auf dem Campingplatz?<\/div>\t\t<span class=\"gt-fse-faq-opener\"><\/span>\n\t<\/summary>\n\t<div class=\"gt-fse-faq-content\">\n\t\t\n\n<p>Der Campingplatz verf\u00fcgt \u00fcber einen Kinderspielplatz, eine H\u00fcpfburg, ein Spielzimmer (Tischtennisplatten, Tischfu\u00dfball, TV-Raum), Sport- und Spielger\u00e4te, Multisportpl\u00e4tze (City-Stadion, Mini-Tennis, Basketball, Volleyball, Boule), einen Fu\u00dfballplatz und einen kleinen See (Angeln erlaubt).Im Juli und August bietet der Campingplatz jede Woche ein dreiviertelst\u00fcndiges Unterhaltungsprogramm und den ganzen Tag \u00fcber sportliche Aktivit\u00e4ten (Sportturniere&#8230;).<\/p>\n\n\t<\/div>\n<\/details>\n\n\n\n<details style=\"--faq-color:#16b1b0;\" class=\"gt-fse-faq wp-block-gt-gt-fse-faq\" data-wp-interactive=\"gt-fse-faq\" data-wp-context='{\"isOpen\": false}'>\n\t<summary aria-expanded=\"false\" class=\"gt-fse-faq-summary\" data-wp-on--click=\"actions.toggle\" data-wp-bind--aria-expanded=\"context.isOpen\">\n\t\t<div class=\"gt-fse-faq-summary-text\"><strong>11<\/strong>Gibt es einen Kinderclub?<\/div>\t\t<span class=\"gt-fse-faq-opener\"><\/span>\n\t<\/summary>\n\t<div class=\"gt-fse-faq-content\">\n\t\t\n\n<p>Der Club Maya betreut Kinder von 5 bis 10 Jahren an 5 Vormittagen pro Woche von 10:30 bis 12:30 Uhr, von Montag bis Freitag w\u00e4hrend der Sommerschulferien.<\/p>\n\n\t<\/div>\n<\/details>\n\n\n\n<details style=\"--faq-color:#16b1b0;\" class=\"gt-fse-faq wp-block-gt-gt-fse-faq\" data-wp-interactive=\"gt-fse-faq\" data-wp-context='{\"isOpen\": false}'>\n\t<summary aria-expanded=\"false\" class=\"gt-fse-faq-summary\" data-wp-on--click=\"actions.toggle\" data-wp-bind--aria-expanded=\"context.isOpen\">\n\t\t<div class=\"gt-fse-faq-summary-text\"><strong>12<\/strong>Gibt es Internetzugang auf dem Campingplatz?<\/div>\t\t<span class=\"gt-fse-faq-opener\"><\/span>\n\t<\/summary>\n\t<div class=\"gt-fse-faq-content\">\n\t\t\n\n<p>Ja, es gibt einen kostenlosen, aber begrenzten WiFi-Bereich.<\/p>\n\n\t<\/div>\n<\/details>\n\n\n\n<details style=\"--faq-color:#16b1b0;\" class=\"gt-fse-faq wp-block-gt-gt-fse-faq\" data-wp-interactive=\"gt-fse-faq\" data-wp-context='{\"isOpen\": false}'>\n\t<summary aria-expanded=\"false\" class=\"gt-fse-faq-summary\" data-wp-on--click=\"actions.toggle\" data-wp-bind--aria-expanded=\"context.isOpen\">\n\t\t<div class=\"gt-fse-faq-summary-text\"><strong>13<\/strong>Gibt es einen Waschsalon?<\/div>\t\t<span class=\"gt-fse-faq-opener\"><\/span>\n\t<\/summary>\n\t<div class=\"gt-fse-faq-content\">\n\t\t\n\n<p>Ja, es gibt einen Waschsalon.<\/p>\n\n\n\n<p>6,50\u20ac\/8 kg Waschmaschinenjeton + 0,60\u20ac pro Waschmittel<\/p>\n\n\n\n<p>3.50\u20ac der W\u00e4schetrockner<\/p>\n\n\t<\/div>\n<\/details>\n\n\n\n<details style=\"--faq-color:#16b1b0;\" class=\"gt-fse-faq wp-block-gt-gt-fse-faq\" data-wp-interactive=\"gt-fse-faq\" data-wp-context='{\"isOpen\": false}'>\n\t<summary aria-expanded=\"false\" class=\"gt-fse-faq-summary\" data-wp-on--click=\"actions.toggle\" data-wp-bind--aria-expanded=\"context.isOpen\">\n\t\t<div class=\"gt-fse-faq-summary-text\"><strong>14<\/strong>Sind Haustiere erlaubt?<\/div>\t\t<span class=\"gt-fse-faq-opener\"><\/span>\n\t<\/summary>\n\t<div class=\"gt-fse-faq-content\">\n\t\t\n\n<p>Nicht zur Miete.<\/p>\n\n\n\n<p>Ja auf Campingpl\u00e4tzen (au\u00dfer Hunde der Kategorie I und II).<\/p>\n\n\n\n<p>Sie m\u00fcssen an der Leine gef\u00fchrt werden und einen g\u00fcltigen Impfpass haben.<\/p>\n\n\t<\/div>\n<\/details>\n\n\n\n<details style=\"--faq-color:#16b1b0;\" class=\"gt-fse-faq wp-block-gt-gt-fse-faq\" data-wp-interactive=\"gt-fse-faq\" data-wp-context='{\"isOpen\": false}'>\n\t<summary aria-expanded=\"false\" class=\"gt-fse-faq-summary\" data-wp-on--click=\"actions.toggle\" data-wp-bind--aria-expanded=\"context.isOpen\">\n\t\t<div class=\"gt-fse-faq-summary-text\"><strong>15<\/strong>Sind Grills erlaubt?<\/div>\t\t<span class=\"gt-fse-faq-opener\"><\/span>\n\t<\/summary>\n\t<div class=\"gt-fse-faq-content\">\n\t\t\n\n<p>Ja, Holzkohlegrills sind erlaubt.<\/p>\n\n\n\n<p>Es stehen Ihnen 3 Gemeinschaftsgrills zur Verf\u00fcgung oder Sie k\u00f6nnen einen Holzkohlegrill f\u00fcr \u20ac15\/Woche mieten.<\/p>\n\n\t<\/div>\n<\/details>\n\n\n\n\n<h2 class=\"wp-block-heading has-text-align-center has-custom-color-1-color has-text-color has-link-color has-x-large-font-size wp-elements-6f89c1631f0f1ea5ec02fb64d1d8e9fd\" style=\"margin-top:var(--wp--preset--spacing--40)\">In der Umgebung<\/h2>\n\n\n<details style=\"--faq-color:#16b1b0;\" class=\"gt-fse-faq wp-block-gt-gt-fse-faq\" data-wp-interactive=\"gt-fse-faq\" data-wp-context='{\"isOpen\": false}'>\n\t<summary aria-expanded=\"false\" class=\"gt-fse-faq-summary\" data-wp-on--click=\"actions.toggle\" data-wp-bind--aria-expanded=\"context.isOpen\">\n\t\t<div class=\"gt-fse-faq-summary-text\"><strong>01<\/strong>Wie weit ist der Strand entfernt?<\/div>\t\t<span class=\"gt-fse-faq-opener\"><\/span>\n\t<\/summary>\n\t<div class=\"gt-fse-faq-content\">\n\t\t\n\n<p>Der n\u00e4chste Strand liegt 1,5 km \u00fcber einen kleinen Fu\u00dfweg oder 1,5 km \u00fcber die Stra\u00dfe entfernt.<\/p>\n\n\t<\/div>\n<\/details>\n\n\n\n<details style=\"--faq-color:#16b1b0;\" class=\"gt-fse-faq wp-block-gt-gt-fse-faq\" data-wp-interactive=\"gt-fse-faq\" data-wp-context='{\"isOpen\": false}'>\n\t<summary aria-expanded=\"false\" class=\"gt-fse-faq-summary\" data-wp-on--click=\"actions.toggle\" data-wp-bind--aria-expanded=\"context.isOpen\">\n\t\t<div class=\"gt-fse-faq-summary-text\"><strong>02<\/strong>Gibt es Gesch\u00e4fte in der N\u00e4he?<\/div>\t\t<span class=\"gt-fse-faq-opener\"><\/span>\n\t<\/summary>\n\t<div class=\"gt-fse-faq-content\">\n\t\t\n\n<p>In 3,5 km Entfernung finden Sie Gesch\u00e4fte, Superm\u00e4rkte und das Fremdenverkehrsamt.<\/p>\n\n\t<\/div>\n<\/details>\n\n\n\n<details style=\"--faq-color:#16b1b0;\" class=\"gt-fse-faq wp-block-gt-gt-fse-faq\" data-wp-interactive=\"gt-fse-faq\" data-wp-context='{\"isOpen\": false}'>\n\t<summary aria-expanded=\"false\" class=\"gt-fse-faq-summary\" data-wp-on--click=\"actions.toggle\" data-wp-bind--aria-expanded=\"context.isOpen\">\n\t\t<div class=\"gt-fse-faq-summary-text\"><strong>03<\/strong>Was kann man in der Umgebung des Campingplatzes besichtigen?<\/div>\t\t<span class=\"gt-fse-faq-opener\"><\/span>\n\t<\/summary>\n\t<div class=\"gt-fse-faq-content\">\n\t\t\n\n<p>B\u00e9nodet, La For\u00eat-Fouesnant, Quimper, Concarneau, Pont-Aven, Pont l&#8217;abb\u00e9, Locronan, Douarnenez, Pointe du Raz&#8230;<\/p>\n\n\t<\/div>\n<\/details>\n\n\n\n<details style=\"--faq-color:#16b1b0;\" class=\"gt-fse-faq wp-block-gt-gt-fse-faq\" data-wp-interactive=\"gt-fse-faq\" data-wp-context='{\"isOpen\": false}'>\n\t<summary aria-expanded=\"false\" class=\"gt-fse-faq-summary\" data-wp-on--click=\"actions.toggle\" data-wp-bind--aria-expanded=\"context.isOpen\">\n\t\t<div class=\"gt-fse-faq-summary-text\"><strong>04<\/strong>Welche Aktivit\u00e4ten sind in der N\u00e4he des Campingplatzes m\u00f6glich?<\/div>\t\t<span class=\"gt-fse-faq-opener\"><\/span>\n\t<\/summary>\n\t<div class=\"gt-fse-faq-content\">\n\t\t\n\n<p>Sie k\u00f6nnen Wassersport betreiben wie: Windsurfen, Jollen, Katamaran, Seekajak, Kanu, Stand up Paddle, Tauchen, Jetski oder andere Aktivit\u00e4ten wie Reiten, Tennis, Tischtennis, Skatepark, Bowling, Akrobatik, Boule, Golf&#8230;.<\/p>\n\n\t<\/div>\n<\/details>\n\n<\/div>\n<\/div>\n<\/div>\n\n\n\n<figure class=\"wp-block-image size-large forme-svg\"><img decoding=\"async\" width=\"268\" height=\"383\" src=\"https:\/\/www.camping-bretagne-delapiscine.com\/wp-content\/uploads\/2025\/10\/palmier-transat-orange.svg\" alt=\"Palme Liegestuhl orange\" class=\"wp-image-510\" \/><\/figure>\n<\/div>\n\n<div class=\"wp-block-group section-maillage has-global-padding is-layout-constrained wp-container-core-group-is-layout-53e62878 wp-block-group-is-layout-constrained\" style=\"margin-top:0px;margin-bottom:8rem;padding-top:0px;padding-bottom:0px\">\n<p class=\"has-text-align-center has-custom-color-1-color has-text-color has-link-color has-melbourne-thin-font-family gt-no-padding-mobile wp-elements-e95ef5e2ea411342fea7ee410b7766fb\" style=\"margin-top:4rem;margin-bottom:4rem;padding-top:6rem;padding-right:4rem;padding-bottom:4rem;padding-left:4rem;font-size:clamp(2.418rem, 2.418rem + ((1vw - 0.2rem) * 3.47), 4.5rem);line-height:1;text-transform:none\"><strong>Entdecken<\/strong> Sie <br \/>die Dienstleistungen und Unterk\u00fcnfte<\/p>\n\n\n\n<div data-wp-context=\"{}\" data-wp-interactive=\"core\/query\" data-wp-key=\"0\" data-wp-router-region=\"query-0\" class=\"wp-block-query alignwide gt-fse-maillage-query is-layout-flow wp-block-query-is-layout-flow\"><ul class=\"columns-3 wp-block-post-template is-layout-grid wp-container-core-post-template-is-layout-42cbe8f0 wp-block-post-template-is-layout-grid\"><li data-wp-key=\"post-template-item-2250\" class=\"wp-block-post post-2250 page type-page status-publish has-post-thumbnail hentry\">\n<a href=\"https:\/\/www.camping-bretagne-delapiscine.com\/de\/vermietung-stellplatz-fouesnant\/\"    class=\"wp-block-tiptip-hyperlink-group-block\" >\n<div class=\"wp-block-cover is-light\" style=\"border-radius:25px;padding-top:4rem;padding-right:4rem;padding-bottom:4rem;padding-left:4rem\"><span aria-hidden=\"true\" class=\"wp-block-cover__background has-background-dim has-background-gradient\" style=\"background:linear-gradient(180deg,rgba(255,255,255,0) 0%,rgb(0,0,0) 100%)\"><\/span><img decoding=\"async\" width=\"1920\" height=\"800\" src=\"https:\/\/www.camping-bretagne-delapiscine.com\/wp-content\/uploads\/2025\/12\/emplacement-bretagne.jpg\" class=\"wp-block-cover__image-background wp-post-image\" alt=\"Standort Bretagne\" data-object-fit=\"cover\" \/><div class=\"wp-block-cover__inner-container has-global-padding is-layout-constrained wp-container-core-cover-is-layout-3968af2f wp-block-cover-is-layout-constrained\">\n<p style=\"font-size:clamp(1.624rem, 1.624rem + ((1vw - 0.2rem) * 1.877), 2.75rem);font-style:normal;font-weight:900;line-height:1.3;text-transform:uppercase\">Pl\u00e4tze<\/p>\n<\/div><\/div>\n<\/a>\n\n<a class=\"is-style-lien-cover wp-block-read-more\" href=\"https:\/\/www.camping-bretagne-delapiscine.com\/de\/vermietung-stellplatz-fouesnant\/\" target=\"_self\">Weiterlesen<span class=\"screen-reader-text\">: Unsere Standorte<\/span><\/a>\n<\/li><li data-wp-key=\"post-template-item-2259\" class=\"wp-block-post post-2259 page type-page status-publish has-post-thumbnail hentry\">\n<a href=\"https:\/\/www.camping-bretagne-delapiscine.com\/de\/verhuur-mobilheime-fouesnant\/\"    class=\"wp-block-tiptip-hyperlink-group-block\" >\n<div class=\"wp-block-cover is-light\" style=\"border-radius:25px;padding-top:4rem;padding-right:4rem;padding-bottom:4rem;padding-left:4rem\"><span aria-hidden=\"true\" class=\"wp-block-cover__background has-background-dim has-background-gradient\" style=\"background:linear-gradient(180deg,rgba(255,255,255,0) 0%,rgb(0,0,0) 100%)\"><\/span><img decoding=\"async\" width=\"1920\" height=\"800\" src=\"https:\/\/www.camping-bretagne-delapiscine.com\/wp-content\/uploads\/2025\/12\/location-mobil-home-bretagne.jpg\" class=\"wp-block-cover__image-background wp-post-image\" alt=\"Vermietung von Mobilheimen in der Bretagne\" data-object-fit=\"cover\" \/><div class=\"wp-block-cover__inner-container has-global-padding is-layout-constrained wp-container-core-cover-is-layout-3968af2f wp-block-cover-is-layout-constrained\">\n<p style=\"font-size:clamp(1.624rem, 1.624rem + ((1vw - 0.2rem) * 1.877), 2.75rem);font-style:normal;font-weight:900;line-height:1.3;text-transform:uppercase\">Mietwohnungen<\/p>\n<\/div><\/div>\n<\/a>\n\n<a class=\"is-style-lien-cover wp-block-read-more\" href=\"https:\/\/www.camping-bretagne-delapiscine.com\/de\/verhuur-mobilheime-fouesnant\/\" target=\"_self\">Weiterlesen<span class=\"screen-reader-text\">: Unsere Unterk\u00fcnfte<\/span><\/a>\n<\/li><li data-wp-key=\"post-template-item-2230\" class=\"wp-block-post post-2230 page type-page status-publish has-post-thumbnail hentry\">\n<a href=\"https:\/\/www.camping-bretagne-delapiscine.com\/de\/campingplatz-familiaer-fouesnant\/\"    class=\"wp-block-tiptip-hyperlink-group-block\" >\n<div class=\"wp-block-cover is-light\" style=\"border-radius:25px;padding-top:4rem;padding-right:4rem;padding-bottom:4rem;padding-left:4rem\"><span aria-hidden=\"true\" class=\"wp-block-cover__background has-background-dim has-background-gradient\" style=\"background:linear-gradient(180deg,rgba(255,255,255,0) 0%,rgb(0,0,0) 100%)\"><\/span><img decoding=\"async\" width=\"2000\" height=\"671\" src=\"https:\/\/www.camping-bretagne-delapiscine.com\/wp-content\/uploads\/2025\/12\/services-du-camping-la-piscine-en-finistere-sud.jpg\" class=\"wp-block-cover__image-background wp-post-image\" alt=\"Dienstleistungen des Campingplatzes la piscine in S\u00fcd-Finistere\" data-object-fit=\"cover\" \/><div class=\"wp-block-cover__inner-container has-global-padding is-layout-constrained wp-container-core-cover-is-layout-3968af2f wp-block-cover-is-layout-constrained\">\n<p style=\"font-size:clamp(1.624rem, 1.624rem + ((1vw - 0.2rem) * 1.877), 2.75rem);font-style:normal;font-weight:900;line-height:1.3;text-transform:uppercase\">Dienste<\/p>\n<\/div><\/div>\n<\/a>\n\n<a class=\"is-style-lien-cover wp-block-read-more\" href=\"https:\/\/www.camping-bretagne-delapiscine.com\/de\/campingplatz-familiaer-fouesnant\/\" target=\"_self\">Weiterlesen<span class=\"screen-reader-text\">: Dienste<\/span><\/a>\n<\/li><\/ul><\/div>\n<\/div>\n","protected":false},"excerpt":{"rendered":"<p>H\u00e4ufig gestellte Fragen Um Ihnen den Aufenthalt bei uns zu erleichtern, haben wir die am h\u00e4ufigsten gestellten Fragen unten aufgelistet. Allgemeine Fragen In Bezug auf Ihren Aufenthalt : In der Umgebung Entdecken Sie die Dienstleistungen und Unterk\u00fcnfte<\/p>\n","protected":false},"author":1,"featured_media":1334,"parent":0,"menu_order":0,"comment_status":"closed","ping_status":"closed","template":"","meta":{"_acf_changed":false,"_seopress_robots_primary_cat":"","_seopress_titles_title":"FAQ Campingplatz La Piscine in Fouesnant","_seopress_titles_desc":"Bereiten Sie Ihren Aufenthalt auf dem Campingplatz vor: Informationen \u00fcber Reservierungen, sichere Zahlungen und eine Reiser\u00fccktrittsversicherung f\u00fcr einen sorgenfreien Urlaub!","_seopress_robots_index":"","_gt_ctv_global_id":"1907","_gt_ctv_id_group":false,"inline_featured_image":false,"gt_fse_maillage_image":"https:\/\/www.camping-bretagne-delapiscine.com\/wp-content\/uploads\/2025\/12\/foire-au-question-camping-en-bretagne.jpg","gt_fse_maillage_titre":"Automatischer Entwurf","gt_fse_maillage_alt":"Automatischer Entwurf","gt_fse_maillage_resume":"","footnotes":""},"categories":[],"tags":[],"class_list":["post-2186","page","type-page","status-publish","has-post-thumbnail","hentry"],"acf":[],"_links":{"self":[{"href":"https:\/\/www.camping-bretagne-delapiscine.com\/de\/wp-json\/wp\/v2\/pages\/2186","targetHints":{"allow":["GET"]}}],"collection":[{"href":"https:\/\/www.camping-bretagne-delapiscine.com\/de\/wp-json\/wp\/v2\/pages"}],"about":[{"href":"https:\/\/www.camping-bretagne-delapiscine.com\/de\/wp-json\/wp\/v2\/types\/page"}],"author":[{"embeddable":true,"href":"https:\/\/www.camping-bretagne-delapiscine.com\/de\/wp-json\/wp\/v2\/users\/1"}],"replies":[{"embeddable":true,"href":"https:\/\/www.camping-bretagne-delapiscine.com\/de\/wp-json\/wp\/v2\/comments?post=2186"}],"version-history":[{"count":16,"href":"https:\/\/www.camping-bretagne-delapiscine.com\/de\/wp-json\/wp\/v2\/pages\/2186\/revisions"}],"predecessor-version":[{"id":3499,"href":"https:\/\/www.camping-bretagne-delapiscine.com\/de\/wp-json\/wp\/v2\/pages\/2186\/revisions\/3499"}],"wp:featuredmedia":[{"embeddable":true,"href":"https:\/\/www.camping-bretagne-delapiscine.com\/de\/wp-json\/wp\/v2\/media\/1334"}],"wp:attachment":[{"href":"https:\/\/www.camping-bretagne-delapiscine.com\/de\/wp-json\/wp\/v2\/media?parent=2186"}],"wp:term":[{"taxonomy":"category","embeddable":true,"href":"https:\/\/www.camping-bretagne-delapiscine.com\/de\/wp-json\/wp\/v2\/categories?post=2186"},{"taxonomy":"post_tag","embeddable":true,"href":"https:\/\/www.camping-bretagne-delapiscine.com\/de\/wp-json\/wp\/v2\/tags?post=2186"}],"curies":[{"name":"wp","href":"https:\/\/api.w.org\/{rel}","templated":true}]}}